{"id":3921,"date":"2015-05-30T13:59:06","date_gmt":"2015-05-30T10:59:06","guid":{"rendered":"http:\/\/svenskanu.fi\/laromaterial\/nordiskalandskap\/?page_id=3921"},"modified":"2023-10-16T14:25:23","modified_gmt":"2023-10-16T11:25:23","slug":"2-vatten-i-fotografier-2","status":"publish","type":"page","link":"https:\/\/svenskanu.fi\/laromaterial\/nordiskalandskap\/2-vatten-i-fotografier-2\/","title":{"rendered":"2. Vatten i fotografier"},"content":{"rendered":"<div class=\"l-submain wpb_row\"><div class=\"l-submain-h g-html i-cf\"><section class=\"wpb-content-wrapper\">[vc_row][vc_column width=&#8221;1\/1&#8243;]\n<div id=\"interactive-banner-1-wrap-8875\" class=\"ult-banner-block ult-adjust-bottom-margin ult-bb-none  banner-style01 \"   style=\"\">\n\t<img src=\"https:\/\/svenskanu.fi\/laromaterial\/nordiskalandskap\/wp-content\/uploads\/2015\/05\/Vatten-i-fotografier_3.jpg\" alt=\"null\">\n\t<div class=\"mask opaque-background\" style=\"background:rgba(36,36,36,0.01);\">\n\t\t<div  data-ultimate-target='#interactive-banner-1-wrap-8875 .bb-description'  data-responsive-json-new='{\"font-size\":\"\",\"line-height\":\"\"}'  class=\"bb-description ult-responsive\" style=\"font-weight:normal;color:#ffffff;\"><\/div>\n\t<\/div>\n<\/div>[vc_column_text]\n<!--[if lt IE 9]><script>document.createElement('audio');<\/script><![endif]-->\n<audio class=\"wp-audio-shortcode\" id=\"audio-3921-1\" preload=\"none\" style=\"width: 100%;\" controls=\"controls\"><source type=\"audio\/mpeg\" src=\"http:\/\/svenskanu.fi\/laromaterial\/nordiskalandskap\/wp-content\/uploads\/2015\/06\/Vatten-som-tema-L\u00e4ttl\u00e4st-KLAR.mp3?_=1\" \/><a href=\"http:\/\/svenskanu.fi\/laromaterial\/nordiskalandskap\/wp-content\/uploads\/2015\/06\/Vatten-som-tema-L\u00e4ttl\u00e4st-KLAR.mp3\">http:\/\/svenskanu.fi\/laromaterial\/nordiskalandskap\/wp-content\/uploads\/2015\/06\/Vatten-som-tema-L\u00e4ttl\u00e4st-KLAR.mp3<\/a><\/audio>\n[\/vc_column_text][\/vc_column][\/vc_row][vc_row][vc_column width=&#8221;1\/2&#8243;][vc_column_text][\/vc_column_text][vc_column_text]\n<h2>Vatten som tema<\/h2>\n<p>&#8220;I mina bilder \u00e4r vatten i olika former ofta ett \u00e5terkommande tema. Jag tillbringade min barndom i \u00d6sterbotten, men tilltalades inte s\u00e5 mycket av det platta landskapet. Under somrarna vistades jag ofta i \u00c5bo och Karleby och tyckte mycket om n\u00e4rheten till havet som fanns d\u00e4r.&#8221;<\/p>\n<p>Vatten \u00e4r det enda \u00e4mne p\u00e5 jorden som finns i tre olika tillst\u00e5nd; i gasform (dimma, \u00e5nga), flytande form och i fast form (is, sn\u00f6).\u00a0 Allt liv p\u00e5 jorden \u00e4r beroende av vatten och vatten i dess olika former har alltid inspirerat konstn\u00e4rerna.\u00a0 Vatten uppfattas bland annat som symbol f\u00f6r det omedvetna i m\u00e4nniskans psyke. F\u00f6r en naturfotograf \u00e4r ljusets samverkan med vattnet en stor inspirationsk\u00e4lla som erbjuder m\u00e5nga m\u00f6jligheter.<\/p>\n<p>&#8220;Nu bor jag i Helsingfors och n\u00e4ra havet. Mina favoritfotoplatser i Helsingfors \u00e4r Drums\u00f6, Kallviksudden och Sveaborg. Jag dras till vattnet, b\u00e5de det stilla och det kraftfulla. Jag f\u00f6rs\u00f6ker vara mycket aktiv p\u00e5 vintern som \u00e4r min favorit\u00e5rstid.<\/p>\n<p>Bilden fr\u00e5n Kallviksudden tog jag i januari 2014. Havet var \u00f6ppet och v\u00e4dret var mycket kallt och jag \u00e5kte till Kallviksudden eftersom jag visste att det var en perfekt plats f\u00f6r att f\u00e5nga det h\u00e4r motivet.&#8221;<\/p>\n<p>Sj\u00f6r\u00f6k \u00e4r dimma som h\u00f6r till vintern. Sj\u00f6r\u00f6ken bildas d\u00e5 kall luft r\u00f6r sig \u00f6ver vatten med h\u00f6gre temperatur. Avdunstningen fr\u00e5n vattenytan m\u00e4ttar luften och &#8220;sj\u00f6n ryker&#8221;.<\/p>\n<p>&#8220;Morgonsolen och sj\u00f6r\u00f6ken vid Kallviksudden gav en of\u00f6rgl\u00f6mlig upplevelse, \u00e4ven om det tog flera veckor att f\u00e5 tillbaka k\u00e4nseln i mina frusna fingrar.&#8221;<\/p>\n<p>Svarta backen h\u00f6r till de mest betydande lundomr\u00e5dena i huvudstadsregionen. Det finns ocks\u00e5 sp\u00e5r av bef\u00e4stningar och kullerstensgator fr\u00e5n f\u00f6rsta v\u00e4rldskriget i Svarta backen.<\/p>\n<p>&#8220;Bilden i Svarta backen har jag tagit i en grotta i april 2014. Jag tycker om att fotografera speglingar i vatten. D\u00e5 vet man inte alltid vad man ser och betraktaren kan tolka motivet p\u00e5 olika s\u00e4tt.<\/p>\n<p>N\u00e4r jag var nyb\u00f6rjare var min st\u00f6rsta dr\u00f6m att fotografera vattenfall och forsar.\u00a0 Jag hade sett m\u00e5nga dr\u00f6mlika bilder av magiska vattenfall d\u00e4r vattnet s\u00e5g v\u00e4ldigt mjukt ut. Senare l\u00e4rde jag mig att hemligheten bakom de mjuka magiska vattenfallen och forsarna \u00e4r en l\u00e5ng slutartid.\u00a0 Man m\u00e5ste n\u00e4stan alltid anv\u00e4nda gr\u00e5filter eller polarisationsfilter f\u00f6r att begr\u00e4nsa ljuset in till sensorn och p\u00e5 s\u00e5 s\u00e4tt anv\u00e4nda l\u00e4ngre slutartider.&#8221;<\/p>\n<p>Ett av Islands m\u00e5nga vattenfall fotograferade Kirsi i oktober 2014. De sn\u00f6t\u00e4ckta bergen i bakgrunden och vattenfallet bidrar till att det finns b\u00e5de intressanta horisontala och diagonala linjer.<\/p>\n<p>&#8220;Att fotografera vattenfall \u00e4r alltid en rolig utmaning och man kan experimentera med olika slutartider; h\u00e5rt och mjukt, statiskt och dynamiskt, gr\u00f6nt och sn\u00f6t\u00e4ckt, varm f\u00e4rgskala, kall f\u00e4rgskala. Bilden \u00e4r full av motsatser.&#8221;<\/p>\n<p>I framtiden vill Kirsi prova p\u00e5 undervattensfotografering.<\/p>\n<p>&#8220;Min f\u00f6rsta dykning var en helt underbar upplevelse. Jag har dykt tv\u00e5 g\u00e5nger p\u00e5 olika h\u00e5ll i v\u00e4rlden, i R\u00f6da havet och p\u00e5 Gal\u00e1pagos.&#8221;<\/p>\n<p>Livet under havsytan \u00e4r en ok\u00e4nd v\u00e4rld f\u00f6r m\u00e5nga.<\/p>\n<p>&#8220;Jag har deltagit i olika internationella fotot\u00e4vlingar och det finns ofta en egen kategori f\u00f6r undervattensfotografier. P\u00e5 s\u00e5 s\u00e4tt har jag \u00e5tminstone f\u00e5tt ta del av otroligt fina undervattensfotografier fr\u00e5n olika delar av v\u00e4rlden.&#8221;[\/vc_column_text][\/vc_column][vc_column width=&#8221;1\/2&#8243;][vc_column_text][\/vc_column_text][vc_tta_accordion][vc_tta_section title=&#8221;Flervalsfr\u00e5gor&#8221; tab_id=&#8221;1697107710537-89732148-22c0&#8243;][vc_wp_text]\n<div data-tf-live=\"01HCHQ4D5MEQ448E7HTXA1Z00F\"><\/div>\n<p><script src=\"\/\/embed.typeform.com\/next\/embed.js\"><\/script>[\/vc_wp_text][\/vc_tta_section][vc_tta_section title=&#8221;\u00d6ppna fr\u00e5gor&#8221; tab_id=&#8221;1697107710545-4b88e915-52c3&#8243;][vc_column_text]<strong>Besvara fr\u00e5gorna p\u00e5 svenska.<\/strong><\/p>\n<p>1. N\u00e4mn tv\u00e5 saker som Kirsi ber\u00e4ttar om sin barndom.<br \/>\n2. Varf\u00f6r var Kallviksudden \u201den perfekt plats\u201d f\u00f6r fotografering?<br \/>\n3. Varf\u00f6r \u00e4r Kirsi intresserad av undervattensfotografering?<br \/>\n4. Vilka olika m\u00f6jligheter erbjuder vatten f\u00f6r en naturfotograf?[\/vc_column_text][\/vc_tta_section][vc_tta_section title=&#8221;Ordf\u00f6rr\u00e5d&#8221; tab_id=&#8221;1697108146305-a261f471-9ed5&#8243;][vc_wp_text]<strong>a) \u00d6va upp<\/strong> ditt oprdf\u00f6rr\u00e5d med <a href=\"https:\/\/quizlet.com\/85896694\/flashcards\/\" target=\"_blank\" rel=\"noopener\">flashcards<\/a><\/p>\n<p><strong>b) S\u00f6k verb i texten.<\/strong> Skriv satser d\u00e4r du anv\u00e4nder de verb som var nya f\u00f6r dig.[\/vc_wp_text][\/vc_tta_section][vc_tta_section title=&#8221;Diskutera&#8221; tab_id=&#8221;1697108248605-62ff8c7d-4f90&#8243;][vc_wp_text]<strong>Diskutera med hj\u00e4lp av f\u00f6ljande fr\u00e5gor.<\/strong><br \/>\nVatten erbjuder stora m\u00f6jligheter till upplevelser av olika slag, se exempel nedanf\u00f6r.<\/p>\n<p>1. Vad har du gjort i, p\u00e5 eller vid vatten?<\/p>\n<p>2. Vad annat kan man g\u00f6ra i, p\u00e5 eller vid vatten?<\/p>\n<p>3. Vad skulle du vilja prova p\u00e5?<\/p>\n<table>\n<tbody>\n<tr>\n<td><em>simning<\/em><\/td>\n<td><em>undervattensfotografering<\/em><\/td>\n<\/tr>\n<tr>\n<td><em>paddling<\/em><\/td>\n<td><em>skid\u00e5kning<\/em><\/td>\n<\/tr>\n<tr>\n<td><em>dykning<\/em><\/td>\n<td><em>nedf\u00f6rs\u00e5kning<\/em><\/td>\n<\/tr>\n<tr>\n<td><em>fiske<\/em><\/td>\n<td><em>pimpelfiske\/vinterfisk<\/em><\/td>\n<\/tr>\n<tr>\n<td><em>vattenskid\u00e5kning\u00a0\u00a0\u00a0 <\/em><\/td>\n<td><em>backhoppning<\/em><\/td>\n<\/tr>\n<tr>\n<td><em>surfing<\/em><\/td>\n<td><em>segla isjakt<\/em><\/td>\n<\/tr>\n<tr>\n<td><em>skridsko\u00e5kning<\/em><\/td>\n<td><em>l\u00e5ngf\u00e4rdsskridsko\u00e5kning<\/em><\/td>\n<\/tr>\n<tr>\n<td><em>segling<\/em><\/td>\n<td><em>\u00e5ka sn\u00f6skoter<\/em><\/td>\n<\/tr>\n<tr>\n<td><em>vattenl\u00f6pning<\/em><\/td>\n<td><em>\u00e5ka sparkst\u00f6ttning<\/em><\/td>\n<\/tr>\n<tr>\n<td><em>forsr\u00e4nning<\/em><\/td>\n<td><\/td>\n<\/tr>\n<\/tbody>\n<\/table>\n<p><em>\u00a0<\/em>[\/vc_wp_text][\/vc_tta_section][vc_tta_section title=&#8221;Annat&#8221; tab_id=&#8221;1697108283935-c5a0a2fb-43d1&#8243;][vc_column_text]<strong>a) Instagram:<\/strong> Ta en egen landskapsbild med vatten som tema.<br \/>\nL\u00e4gg upp bilden p\u00e5 Instagram med #nordiskalandskap @svenskanu<\/p>\n<p><strong>b) Planera en intervju med Kirsi.<\/strong> Vad skulle du fr\u00e5ga, och vad skulle hon svara?<\/p>\n<p><strong>c)<a href=\"https:\/\/learningapps.org\/watch?v=pz8wb46zc23\" target=\"_blank\" rel=\"noopener\"> Para ihop.<\/a><\/strong> Vatten har spelat en stor roll i olika mytiska sammanhang. Para ihop mytiska gestalter och f\u00f6rklaringar.<\/p>\n<p>d) <a href=\"https:\/\/learningapps.org\/watch?v=pxfqv78an23\" target=\"_blank\" rel=\"noopener\"><strong>K\u00e4nner du till<\/strong> vattentermer?<\/a>[\/vc_column_text][\/vc_tta_section][vc_tta_section title=&#8221;Section&#8221; tab_id=&#8221;1697109491082-55773dd0-80c9&#8243;][\/vc_tta_section][\/vc_tta_accordion][\/vc_column][\/vc_row]\n<\/section><\/div><\/div>","protected":false},"excerpt":{"rendered":"<p>[vc_row][vc_column width=&#8221;1\/1&#8243;][vc_column_text] [\/vc_column_text][\/vc_column][\/vc_row][vc_row][vc_column width=&#8221;1\/2&#8243;][vc_column_text][\/vc_column_text][vc_column_text] Vatten som tema &#8220;I mina bilder \u00e4r vatten i olika former ofta ett \u00e5terkommande tema. Jag tillbringade min barndom i \u00d6sterbotten, men tilltalades inte s\u00e5 mycket av det platta landskapet. Under somrarna vistades jag ofta i&#8230;<\/p>\n","protected":false},"author":2,"featured_media":0,"parent":0,"menu_order":9,"comment_status":"open","ping_status":"closed","template":"","meta":{"footnotes":""},"acf":[],"_links":{"self":[{"href":"https:\/\/svenskanu.fi\/laromaterial\/nordiskalandskap\/wp-json\/wp\/v2\/pages\/3921"}],"collection":[{"href":"https:\/\/svenskanu.fi\/laromaterial\/nordiskalandskap\/wp-json\/wp\/v2\/pages"}],"about":[{"href":"https:\/\/svenskanu.fi\/laromaterial\/nordiskalandskap\/wp-json\/wp\/v2\/types\/page"}],"author":[{"embeddable":true,"href":"https:\/\/svenskanu.fi\/laromaterial\/nordiskalandskap\/wp-json\/wp\/v2\/users\/2"}],"replies":[{"embeddable":true,"href":"https:\/\/svenskanu.fi\/laromaterial\/nordiskalandskap\/wp-json\/wp\/v2\/comments?post=3921"}],"version-history":[{"count":42,"href":"https:\/\/svenskanu.fi\/laromaterial\/nordiskalandskap\/wp-json\/wp\/v2\/pages\/3921\/revisions"}],"predecessor-version":[{"id":4513,"href":"https:\/\/svenskanu.fi\/laromaterial\/nordiskalandskap\/wp-json\/wp\/v2\/pages\/3921\/revisions\/4513"}],"wp:attachment":[{"href":"https:\/\/svenskanu.fi\/laromaterial\/nordiskalandskap\/wp-json\/wp\/v2\/media?parent=3921"}],"curies":[{"name":"wp","href":"https:\/\/api.w.org\/{rel}","templated":true}]}}