{"id":4039,"date":"2015-06-10T10:42:17","date_gmt":"2015-06-10T07:42:17","guid":{"rendered":"http:\/\/svenskanu.fi\/laromaterial\/nordiskalandskap\/?page_id=4039"},"modified":"2023-10-16T14:25:00","modified_gmt":"2023-10-16T11:25:00","slug":"1-kirsi-som-fotograf-2","status":"publish","type":"page","link":"https:\/\/svenskanu.fi\/laromaterial\/nordiskalandskap\/1-kirsi-som-fotograf-2\/","title":{"rendered":"1. Kirsi som fotograf"},"content":{"rendered":"<div class=\"l-submain wpb_row\"><div class=\"l-submain-h g-html i-cf\"><section class=\"wpb-content-wrapper\">[vc_row css=&#8221;.vc_custom_1695290143209{margin-top: 40px !important;margin-right: 40px !important;margin-bottom: 40px !important;margin-left: 40px !important;border-top-width: 40px !important;border-right-width: 40px !important;border-bottom-width: 40px !important;border-left-width: 40px !important;padding-top: 40px !important;padding-right: 40px !important;padding-bottom: 40px !important;padding-left: 40px !important;}&#8221;][vc_column width=&#8221;1\/1&#8243;]\n<div id=\"interactive-banner-1-wrap-2340\" class=\"ult-banner-block ult-adjust-bottom-margin ult-bb-none  banner-style01 \"   style=\"\">\n\t<img src=\"https:\/\/svenskanu.fi\/laromaterial\/nordiskalandskap\/wp-content\/uploads\/2015\/05\/Kirsi-som-fotograf.jpg\" alt=\"null\">\n\t<div class=\"mask opaque-background\" style=\"background:rgba(36,36,36,0.01);\">\n\t\t<div  data-ultimate-target='#interactive-banner-1-wrap-2340 .bb-description'  data-responsive-json-new='{\"font-size\":\"\",\"line-height\":\"\"}'  class=\"bb-description ult-responsive\" style=\"font-weight:normal;color:#ffffff;\"><\/div>\n\t<\/div>\n<\/div>[vc_column_text]\n<!--[if lt IE 9]><script>document.createElement('audio');<\/script><![endif]-->\n<audio class=\"wp-audio-shortcode\" id=\"audio-4039-1\" preload=\"none\" style=\"width: 100%;\" controls=\"controls\"><source type=\"audio\/mpeg\" src=\"http:\/\/svenskanu.fi\/laromaterial\/nordiskalandskap\/wp-content\/uploads\/2015\/06\/Kirsi-som-fotograf-Avancerad-KLAR.mp3?_=1\" \/><a href=\"http:\/\/svenskanu.fi\/laromaterial\/nordiskalandskap\/wp-content\/uploads\/2015\/06\/Kirsi-som-fotograf-Avancerad-KLAR.mp3\">http:\/\/svenskanu.fi\/laromaterial\/nordiskalandskap\/wp-content\/uploads\/2015\/06\/Kirsi-som-fotograf-Avancerad-KLAR.mp3<\/a><\/audio>\n[\/vc_column_text][\/vc_column][\/vc_row][vc_row][vc_column width=&#8221;1\/2&#8243;][vc_column_text]\n<h2>Kirsi som fotograf<\/h2>\n<p>&#8220;I mitt arbete som spr\u00e5kl\u00e4rare vill jag v\u00e4cka elevernas intresse f\u00f6r spr\u00e5k, men p\u00e5 fritiden fokuserar jag p\u00e5 naturens former.<\/p>\n<p>Jag uppt\u00e4ckte naturfotografering av en slump, p\u00e5 en resa till Gal\u00e1pagos\u00f6arna i januari 2011. Under den resan tog jag mina f\u00f6rsta naturbilder och d\u00e4r tr\u00e4ffade jag en grupp naturfotografer och deras l\u00e4rare Andy Horner.\u00a0 De ber\u00e4ttade om den unika tre\u00e5riga utbildningen i naturfotografi vid Axxell Utbildning. Utan f\u00f6rkunskaper inledde jag studierna i april samma \u00e5r. Det var en utmaning att l\u00e4ra sig tekniken, men engagemang och drivkraft hade jag fr\u00e5n f\u00f6rsta b\u00f6rjan.&#8221;<\/p>\n<p>N\u00e4r Kirsi inledde sina studier best\u00e4mde hon sig f\u00f6r att specialisera sig p\u00e5 nordiska landskap. Hon \u00e4r mycket f\u00f6rtjust i arktisk natur och hennes favoritmilj\u00f6 i Norden finns p\u00e5 Island, som hon har bes\u00f6kt flera g\u00e5nger. Det fantastiska med Island \u00e4r naturens otroliga variation och det hisnande landskapet. Kirsi avlade sin examen vid Axxell i januari 2015 och hennes slutarbete var en fotoutst\u00e4llning. N\u00e5gra av fotografierna i utst\u00e4llningen \u00e4r tagna redan under kursen, men st\u00f6rsta delen \u00e4r tagna under \u00e5r 2014, d\u00e5 Kirsi reste mycket inom Norden.<\/p>\n<p>&#8220;Under \u00e5ren har min visuella uttrycksf\u00f6rm\u00e5ga utvecklats och jag k\u00e4nner att jag har hittat en egen stil. Jag jobbar mycket med de visuella elementen: form, f\u00e4rg, r\u00f6relse och linje. I mitt bildskapande s\u00f6ker jag efter n\u00e5got overkliga och dr\u00f6mlika landskap.\u00a0 Jag efterstr\u00e4var landskapsbilder som ger ett tredimensionellt intryck. Hemligheten bakom en lyckad bild \u00e4r ofta kompositionen, samt att f\u00f6rgrund, mellanparti och bakgrund i bilden st\u00e5r i samspel. Linjer och f\u00e4rger ger rytm och f\u00e5ngar betraktaren.<\/p>\n<p>Intuitionen spelar ocks\u00e5 en stor roll i mitt fotograferande.\u00a0 Det \u00e4r f\u00f6rst p\u00e5 plats som den r\u00e4tta st\u00e4mningen infinner sig.&#8221;<\/p>\n<p><strong>Bakom bilden:<\/strong><\/p>\n<p>Overkliga b\u00f6ljande svarta sanddyner, spetsiga berg. H\u00e4r ville Kirsi hitta en intressant bildvinkel och en koppling mellan f\u00f6rgrund och bakgrund. Dessutom hittade hon intressanta linjer som leder betraktaren in i bilden. Kirsi tycker att linjer \u00e4r ett av de starkaste kompositionsverktygen och h\u00e4r fungerar de bra. I bilden finns en klar ing\u00e5ng f\u00f6r blicken; fr\u00e5n det h\u00f6gra nedre h\u00f6rnet i en kurva mot v\u00e4nster och sen upp mot de gulbruna kullarna l\u00e4ngs med det vita skummet. Kanske de m\u00f6rka partierna h\u00e4r \u00e4r det som ocks\u00e5 ger sp\u00e4nning \u00e5t bilden. Bilden ger ett tredimensionellt uttryck, vilket Kirsi alltid str\u00e4var efter. Hon hoppas att betraktaren upplever att hen n\u00e4stan kan kliva in i bilden.[\/vc_column_text][\/vc_column][vc_column width=&#8221;1\/2&#8243; css=&#8221;.vc_custom_1695289802577{border-radius: 5px !important;}&#8221;][vc_tta_accordion][vc_tta_section title=&#8221;Flervalsfr\u00e5gor&#8221; tab_id=&#8221;1695290695143-c6104ca3-e465&#8243;][vc_column_text]<strong>L\u00e4s, lyssna och besvara fr\u00e5gorna.<\/strong>[\/vc_column_text][vc_wp_text]\n<div data-tf-live=\"01HAVHM7BT1030Z8HMHX7B1BB2\"><\/div>\n<p><script src=\"\/\/embed.typeform.com\/next\/embed.js\"><\/script>[\/vc_wp_text][\/vc_tta_section][vc_tta_section title=&#8221;\u00d6ppna fr\u00e5gor&#8221; tab_id=&#8221;1695290695163-b8112bc5-78ef&#8221;][vc_column_text]<strong>Besvara fr\u00e5gorna p\u00e5 svenska.<\/strong><\/p>\n<p>1. Hur kom det sig att Kirsi b\u00f6rjade fotografera?<br \/>\n2. Vad ber\u00e4ttar hon om sin utbildning?<br \/>\n3. Vad inspireras hon av?<br \/>\n4. Vad k\u00e4nnetecknar en bild tagen av henne?<br \/>\n5. N\u00e4mn \u00e5tminstone tre saker som Kirsi ber\u00e4ttar om bilden.[\/vc_column_text][\/vc_tta_section][vc_tta_section title=&#8221;Ordf\u00f6rr\u00e5d&#8221; tab_id=&#8221;1695290740671-1e535557-9877&#8243;][vc_column_text]<strong>\u00d6va upp ditt ordf\u00f6rr\u00e5d.<\/strong><\/p>\n<p>a)<a href=\"https:\/\/quizlet.com\/86099785\/learn\" target=\"_blank\" rel=\"noopener\"> \u00d6va upp ditt ordf\u00f6rr\u00e5d med Quizlet<\/a><br \/>\na)\u00a0 Ibland k\u00e4nns det som att fotografer talar sitt eget spr\u00e5k. Det blir m\u00e5nga tekniska termer att h\u00e5lla reda p\u00e5. <a href=\"https:\/\/quizlet.com\/84421675\/match\" target=\"_blank\" rel=\"noopener\">Para ihop orden.<\/a><\/p>\n<p>b) S\u00f6k adjektiv i texten. Skriv satser d\u00e4r du anv\u00e4nder de adjektiv som var nya f\u00f6r dig.[\/vc_column_text][\/vc_tta_section][vc_tta_section title=&#8221;Diskutera&#8221; tab_id=&#8221;1695290752660-218d85e3-f475&#8243;][vc_column_text]<strong>a) Diskutera fotografering med hj\u00e4lp av f\u00f6ljande fr\u00e5gor.<\/strong><\/p>\n<p>1. Tycker du om att fotografera?<br \/>\n2. Vilken typ av fotografering g\u00f6r du mest?<br \/>\n3. Efterbehandlar du dina foton? Hur? Tycker du mera om svartvitt eller f\u00e4rg?<br \/>\n4. Ber\u00e4tta om en bild som betyder s\u00e4rskilt mycket f\u00f6r dig.<br \/>\n5. Har du en dr\u00f6mbild i huvudet som \u00e4nnu inte tagits?<br \/>\n6. \u00c4r det viktigt f\u00f6r dig att visa upp dina bilder f\u00f6r andra?<br \/>\n7. Tycker du om att dokumentera resor med kameran?<br \/>\n8. Vart skulle du helst vilja g\u00f6ra din dr\u00f6mresa?<br \/>\n9. Har du n\u00e5gra f\u00f6rebilder inom fotografering?[\/vc_column_text][vc_column_text]<strong>b) L\u00e4s texten \u201dBakom bilden\u201d och diskutera bilden med hj\u00e4lp av f\u00f6ljande fr\u00e5gor.<\/strong><\/p>\n<p>1.\u00a0 Beskriv st\u00e4mningen i bilden.<\/p>\n<p>2.\u00a0 Det g\u00e4ller att vara n\u00e4rvarande med alla sinnen, hitta den r\u00e4tta kompositionen och utnyttja ljuset n\u00e4r man fotograferar landskap.\u00a0 Vilket ljus \u00e4r det b\u00e4sta f\u00f6r landskapsfotografering?<\/p>\n<p>3.\u00a0 En landskapsbild kan f\u00e5 mer karakt\u00e4r av en molnbestr\u00f6dd himmel.\u00a0 Hur har man anv\u00e4nt molnen i denna bild?<\/p>\n<p>4.\u00a0 P\u00e5 vilket s\u00e4tt har man uppn\u00e5tt en tredimensionell k\u00e4nsla i bilden?<\/p>\n<p>5.\u00a0 Beskriv ljus, f\u00e4rger och former i bilden.<\/p>\n<p>6.\u00a0 Beskriv linjer (horisontaler, vertikaler, diagonaler).<\/p>\n<p>7.\u00a0 Vad tycker du om bilden? Vad fastnade du f\u00f6r?[\/vc_column_text][\/vc_tta_section][vc_tta_section title=&#8221;Jobba med bilder&#8221; tab_id=&#8221;1695290796023-09fd2162-aab4&#8243;][vc_column_text]<strong>Jobba med bilder<\/strong><\/p>\n<p>b) V\u00e4lj ett foto som du har tagit och beskriv den till en kompis utan att visa den. Ber\u00e4tta vad bilden f\u00f6rest\u00e4ller, beskriv st\u00e4mningen, kompositionen, ljus, f\u00e4rger\u2026 Till slut visa bilden. Diskutera hur det var att beskriva bilden, och om det var l\u00e4tt att f\u00e5 en uppfattning om bilden p\u00e5 basis av beskrivningen.<\/p>\n<p>c) Instagram: Ta en egen landskapsbild. Fundera p\u00e5 kompositionen; hur bilden \u00e4r uppbyggd, och de visuella elementen; form, f\u00e4rg, r\u00f6relse och linje. L\u00e4gg upp bilden p\u00e5 Instagram med #nordiskalandskap @svenskanu[\/vc_column_text][\/vc_tta_section][\/vc_tta_accordion][\/vc_column][\/vc_row]\n<\/section><\/div><\/div>","protected":false},"excerpt":{"rendered":"<p>[vc_row css=&#8221;.vc_custom_1695290143209{margin-top: 40px !important;margin-right: 40px !important;margin-bottom: 40px !important;margin-left: 40px !important;border-top-width: 40px !important;border-right-width: 40px !important;border-bottom-width: 40px !important;border-left-width: 40px !important;padding-top: 40px !important;padding-right: 40px !important;padding-bottom: 40px !important;padding-left: 40px !important;}&#8221;][vc_column width=&#8221;1\/1&#8243;][vc_column_text] [\/vc_column_text][\/vc_column][\/vc_row][vc_row][vc_column width=&#8221;1\/2&#8243;][vc_column_text] Kirsi som fotograf &#8220;I mitt arbete som spr\u00e5kl\u00e4rare vill jag v\u00e4cka&#8230;<\/p>\n","protected":false},"author":2,"featured_media":0,"parent":0,"menu_order":8,"comment_status":"open","ping_status":"open","template":"","meta":{"footnotes":""},"acf":[],"_links":{"self":[{"href":"https:\/\/svenskanu.fi\/laromaterial\/nordiskalandskap\/wp-json\/wp\/v2\/pages\/4039"}],"collection":[{"href":"https:\/\/svenskanu.fi\/laromaterial\/nordiskalandskap\/wp-json\/wp\/v2\/pages"}],"about":[{"href":"https:\/\/svenskanu.fi\/laromaterial\/nordiskalandskap\/wp-json\/wp\/v2\/types\/page"}],"author":[{"embeddable":true,"href":"https:\/\/svenskanu.fi\/laromaterial\/nordiskalandskap\/wp-json\/wp\/v2\/users\/2"}],"replies":[{"embeddable":true,"href":"https:\/\/svenskanu.fi\/laromaterial\/nordiskalandskap\/wp-json\/wp\/v2\/comments?post=4039"}],"version-history":[{"count":34,"href":"https:\/\/svenskanu.fi\/laromaterial\/nordiskalandskap\/wp-json\/wp\/v2\/pages\/4039\/revisions"}],"predecessor-version":[{"id":4512,"href":"https:\/\/svenskanu.fi\/laromaterial\/nordiskalandskap\/wp-json\/wp\/v2\/pages\/4039\/revisions\/4512"}],"wp:attachment":[{"href":"https:\/\/svenskanu.fi\/laromaterial\/nordiskalandskap\/wp-json\/wp\/v2\/media?parent=4039"}],"curies":[{"name":"wp","href":"https:\/\/api.w.org\/{rel}","templated":true}]}}