{"id":4068,"date":"2015-06-11T16:08:29","date_gmt":"2015-06-11T13:08:29","guid":{"rendered":"http:\/\/svenskanu.fi\/laromaterial\/nordiskalandskap\/?page_id=4068"},"modified":"2023-10-16T14:46:44","modified_gmt":"2023-10-16T11:46:44","slug":"4-island-2","status":"publish","type":"page","link":"https:\/\/svenskanu.fi\/laromaterial\/nordiskalandskap\/4-island-2\/","title":{"rendered":"4. Island"},"content":{"rendered":"<div class=\"l-submain wpb_row\"><div class=\"l-submain-h g-html i-cf\"><section class=\"wpb-content-wrapper\">[vc_row][vc_column width=&#8221;1\/1&#8243;]\n<div id=\"interactive-banner-1-wrap-5378\" class=\"ult-banner-block ult-adjust-bottom-margin ult-bb-none  banner-style01 \"   style=\"\">\n\t<img src=\"https:\/\/svenskanu.fi\/laromaterial\/nordiskalandskap\/wp-content\/uploads\/2015\/06\/J\u00f6kus\u00e1rl\u00f3n-Island.jpg\" alt=\"null\">\n\t<div class=\"mask opaque-background\" style=\"background:rgba(36,36,36,0.01);\">\n\t\t<div  data-ultimate-target='#interactive-banner-1-wrap-5378 .bb-description'  data-responsive-json-new='{\"font-size\":\"\",\"line-height\":\"\"}'  class=\"bb-description ult-responsive\" style=\"font-weight:normal;color:#ffffff;\"><\/div>\n\t<\/div>\n<\/div>[vc_column_text]\n<!--[if lt IE 9]><script>document.createElement('audio');<\/script><![endif]-->\n<audio class=\"wp-audio-shortcode\" id=\"audio-4068-1\" preload=\"none\" style=\"width: 100%;\" controls=\"controls\"><source type=\"audio\/mpeg\" src=\"http:\/\/svenskanu.fi\/laromaterial\/nordiskalandskap\/wp-content\/uploads\/2015\/06\/Island-Avancerad-KLAR.mp3?_=1\" \/><a href=\"http:\/\/svenskanu.fi\/laromaterial\/nordiskalandskap\/wp-content\/uploads\/2015\/06\/Island-Avancerad-KLAR.mp3\">http:\/\/svenskanu.fi\/laromaterial\/nordiskalandskap\/wp-content\/uploads\/2015\/06\/Island-Avancerad-KLAR.mp3<\/a><\/audio>\n[\/vc_column_text][\/vc_column][\/vc_row][vc_row][vc_column width=&#8221;1\/2&#8243;][vc_column_text][\/vc_column_text][vc_column_text]\n<h2>J\u00f6kuls\u00e1rl\u00f3n, Island<\/h2>\n<p><strong>Fakta:<\/strong><\/p>\n<p>Vatnaj\u00f6kull \u00e4r Europas st\u00f6rsta glaci\u00e4r (8 100 km\u00b2), och \u00e4r bel\u00e4gen p\u00e5 syd\u00f6stra delen av Island i ett geologiskt aktivt omr\u00e5de. J\u00f6kuls\u00e1rl\u00f3n \u00e4r den st\u00f6rsta och mest k\u00e4nda av ett antal issj\u00f6ar p\u00e5 Island. Den ligger s\u00f6der om glaci\u00e4ren Vatnaj\u00f6kull, mellan Skaftafells nationalpark och orten H\u00f6fn<em>.<br \/>\n<\/em>(K\u00e4llor: <a href=\"http:\/\/sv.wikipedia.org\/wiki\/Vatnaj\u00f6kull\">Vatnaj\u00f6kull<\/a>, <a href=\"http:\/\/sv.wikipedia.org\/wiki\/J\u00f6kuls\u00e1rl\u00f3n\">J\u00f6kuls\u00e1rl\u00f3n<\/a>)<\/p>\n<p>Inspelningsplatsen f\u00f6r en av Bondfilmerna, <em>Die another day<\/em> (2002), var Island. Bond (Pierce Brosnan) jagas p\u00e5 skidor, skoter och terr\u00e4ngbil. Biljakten p\u00e5 den frusna sj\u00f6n togs p\u00e5 lagunen J\u00f6kuls\u00e1rl\u00f3n, mellan Skaftafell och H\u00f6fn p\u00e5 sydkusten. \u00d6vrig action \u00e4r inspelad p\u00e5 glaci\u00e4ren Vatnaj\u00f6kull.<br \/>\n(K\u00e4lla: <a href=\"http:\/\/www.007museum.com\/007locations.htm\">James Bond location<\/a>)<\/p>\n<p><strong>Bakom bilden:\u00a0\u00a0<\/strong><\/p>\n<p>&#8220;Svart sand och vita isblock, b\u00f6ljande v\u00e5gor och svepande moln.\u00a0 Den h\u00e4r bilden tog jag h\u00f6sten 2014 d\u00e5 jag fotograferade stranden under tre morgnar.\u00a0 Den b\u00e4sta morgonen var den sista. Dagen innan hade det regnat och bl\u00e5st rej\u00e4lt och stranden s\u00e5g helt annorlunda ut \u00e4n tidigare. Alla sm\u00e5 isblock var bortsk\u00f6ljda av v\u00e5gorna och nu l\u00e5g det stora isklumpar \u00f6ver hela stranden och sm\u00e5 isberg ute i vattnet. V\u00e5gorna var stora och v\u00e5ldsamma. Det mjuka men m\u00e4ktiga vattnet bildar en sp\u00e4nnande kontrast mot isblocken: mjukt vatten mot h\u00e5rt vatten \u2013 v\u00e4ldigt dramatiskt, t.o.m. farligt.\u00a0 Det var magiskt vackert och jag experimenterade mycket med olika slutartider och fick v\u00e4ldigt m\u00e5nga fina bilder.&#8221;[\/vc_column_text][\/vc_column][vc_column width=&#8221;1\/2&#8243;][vc_column_text][\/vc_column_text][vc_tta_accordion][vc_tta_section title=&#8221;Flervalsfr\u00e5gor&#8221; tab_id=&#8221;1697200178661-5fc581c2-e216&#8243;][vc_wp_text]\n<div data-tf-live=\"01HCMG6RP99PKAYQ58NSMTD8BE\"><\/div>\n<p><script src=\"\/\/embed.typeform.com\/next\/embed.js\"><\/script>[\/vc_wp_text][\/vc_tta_section][vc_tta_section title=&#8221;\u00d6ppna fr\u00e5gor&#8221; tab_id=&#8221;1697200178690-57cf0d42-7165&#8243;][vc_column_text]<strong>L\u00e4s texten och besvara fr\u00e5gorna p\u00e5 svenska.<\/strong><\/p>\n<ol>\n<li>Varf\u00f6r \u00e4r den syd\u00f6stra delen av Island intressant f\u00f6r bes\u00f6kare?<\/li>\n<li>Vad \u00e4r speciellt bra i bilden enligt Kirsi?<\/li>\n<\/ol>\n[\/vc_column_text][\/vc_tta_section][vc_tta_section title=&#8221;\u00d6va upp ditt ordf\u00f6rr\u00e5d&#8221; tab_id=&#8221;1697200293684-ff3def18-a200&#8243;][vc_column_text]<strong>a) \u00d6va upp ditt ordf\u00f6rr\u00e5d <a href=\"https:\/\/quizlet.com\/86173105\/jokulsarlon-island-flash-cards\/\" target=\"_blank\" rel=\"noopener\">med flashcards.<\/a><\/strong><\/p>\n<p><strong>b) S\u00f6k i texten ord som handlar om vatten.<\/strong>[\/vc_column_text][\/vc_tta_section][vc_tta_section title=&#8221;Diskutera&#8221; tab_id=&#8221;1697200394541-88e78899-6257&#8243;][vc_column_text]<strong>Diskutera med hj\u00e4lp av f\u00f6ljande fr\u00e5gor.<\/strong><\/p>\n<p><strong>Resor:<\/strong><\/p>\n<ol>\n<li>Island \u00e4r ett dr\u00f6mresem\u00e5l f\u00f6r natur\u00e4lskare.<br \/>\nHar du bes\u00f6kt Island? Skulle du vilja resa till Island?<\/li>\n<li>Tycker du om att resa?<\/li>\n<li>Ber\u00e4tta om din senaste eller b\u00e4sta resa.<\/li>\n<li>Vad \u00e4r den mest sp\u00e4nnande upplevelsen du har haft p\u00e5 n\u00e5gon resa?<\/li>\n<li>Vilka resm\u00e5l \u00e4r du mest nyfiken p\u00e5? Varf\u00f6r?<\/li>\n<\/ol>\n<p><strong>Bond:<\/strong><\/p>\n<ol>\n<li>Tycker du om Bond-filmer?<\/li>\n<li>Om svaret \u00e4r ja, hur b\u00f6rjade din fascination f\u00f6r Bond?<\/li>\n<li>Vem \u00e4r b\u00e4st p\u00e5 att spela Bond?<\/li>\n<li>Vilken film hittills \u00e4r allra b\u00e4st?<\/li>\n<li>Till vilket Bond-resm\u00e5l skulle du vilja resa?<\/li>\n<\/ol>\n[\/vc_column_text][\/vc_tta_section][vc_tta_section title=&#8221;Bakom bilden&#8221; tab_id=&#8221;1697200426667-df0f8872-7d28&#8243;][vc_column_text]<strong>L\u00e4s texten &#8220;bakom bilden&#8221; och diskutera bilden med hj\u00e4lp av f\u00f6ljande fr\u00e5gor.<\/strong><\/p>\n<ol>\n<li>Beskriv st\u00e4mningen i bilden.<\/li>\n<li>Beskriv ljus, f\u00e4rger och former i bilden.<\/li>\n<li>Beskriv linjer (horisontaler, vertikaler, diagonaler).<\/li>\n<li>Vad tycker du om bilden? Vad fastnade du f\u00f6r?<\/li>\n<li>Att f\u00e5 lite dramatisk k\u00e4nsla \u00f6ver en bild f\u00f6r\u00e4ndrar hela bildens karakt\u00e4r. Vad menas med en &#8220;dramatisk bild&#8221;? Vad g\u00f6r denna bild \u201cdramatisk\u201d?<\/li>\n<\/ol>\n[\/vc_column_text][\/vc_tta_section][vc_tta_section title=&#8221;Annat&#8221; tab_id=&#8221;1697200514149-32d35c90-110d&#8221;][vc_column_text]<strong>a) Instagram: <\/strong>Ta en egen landskapsbild.<br \/>\nF\u00f6rs\u00f6k hitta kontraster i bilden.<br \/>\nL\u00e4gg upp bilden p\u00e5 Instagram med #nordiskalandskap @svenskanu<\/p>\n<p><strong>b) Bakom bilden.<\/strong><br \/>\nV\u00e4lj en bild som du har tagit. Skriv en \u201dbakom bilden\u201d text om det. Ber\u00e4tta och beskriv t.ex.<br \/>\n&#8211; n\u00e4r och var du tog bilden<br \/>\n&#8211; vad det finns p\u00e5 bilden<br \/>\n&#8211; omst\u00e4ndigheterna<br \/>\n&#8211; st\u00e4mningen<br \/>\n&#8211; vad g\u00f6r bilden speciell<\/p>\n<p><strong>c) Para ihop.<\/strong> Har du k\u00e4nsla f\u00f6r is och sn\u00f6? <a href=\"https:\/\/learningapps.org\/watch?v=pssiirip323\" target=\"_blank\" rel=\"noopener\">Para ihop termer och f\u00f6rklaringar.<\/a>[\/vc_column_text][\/vc_tta_section][\/vc_tta_accordion][\/vc_column][\/vc_row][vc_row][vc_column width=&#8221;1\/1&#8243;][\/vc_column][\/vc_row]\n<\/section><\/div><\/div>","protected":false},"excerpt":{"rendered":"<p>[vc_row][vc_column width=&#8221;1\/1&#8243;][vc_column_text] [\/vc_column_text][\/vc_column][\/vc_row][vc_row][vc_column width=&#8221;1\/2&#8243;][vc_column_text][\/vc_column_text][vc_column_text] J\u00f6kuls\u00e1rl\u00f3n, Island Fakta: Vatnaj\u00f6kull \u00e4r Europas st\u00f6rsta glaci\u00e4r (8 100 km\u00b2), och \u00e4r bel\u00e4gen p\u00e5 syd\u00f6stra delen av Island i ett geologiskt aktivt omr\u00e5de. J\u00f6kuls\u00e1rl\u00f3n \u00e4r den st\u00f6rsta och mest k\u00e4nda av ett antal issj\u00f6ar p\u00e5&#8230;<\/p>\n","protected":false},"author":2,"featured_media":0,"parent":0,"menu_order":11,"comment_status":"open","ping_status":"closed","template":"","meta":{"footnotes":""},"acf":[],"_links":{"self":[{"href":"https:\/\/svenskanu.fi\/laromaterial\/nordiskalandskap\/wp-json\/wp\/v2\/pages\/4068"}],"collection":[{"href":"https:\/\/svenskanu.fi\/laromaterial\/nordiskalandskap\/wp-json\/wp\/v2\/pages"}],"about":[{"href":"https:\/\/svenskanu.fi\/laromaterial\/nordiskalandskap\/wp-json\/wp\/v2\/types\/page"}],"author":[{"embeddable":true,"href":"https:\/\/svenskanu.fi\/laromaterial\/nordiskalandskap\/wp-json\/wp\/v2\/users\/2"}],"replies":[{"embeddable":true,"href":"https:\/\/svenskanu.fi\/laromaterial\/nordiskalandskap\/wp-json\/wp\/v2\/comments?post=4068"}],"version-history":[{"count":24,"href":"https:\/\/svenskanu.fi\/laromaterial\/nordiskalandskap\/wp-json\/wp\/v2\/pages\/4068\/revisions"}],"predecessor-version":[{"id":4520,"href":"https:\/\/svenskanu.fi\/laromaterial\/nordiskalandskap\/wp-json\/wp\/v2\/pages\/4068\/revisions\/4520"}],"wp:attachment":[{"href":"https:\/\/svenskanu.fi\/laromaterial\/nordiskalandskap\/wp-json\/wp\/v2\/media?parent=4068"}],"curies":[{"name":"wp","href":"https:\/\/api.w.org\/{rel}","templated":true}]}}