{"id":4078,"date":"2015-06-11T16:17:05","date_gmt":"2015-06-11T13:17:05","guid":{"rendered":"http:\/\/svenskanu.fi\/laromaterial\/nordiskalandskap\/?page_id=4078"},"modified":"2023-10-16T14:47:24","modified_gmt":"2023-10-16T11:47:24","slug":"7-finland-2","status":"publish","type":"page","link":"https:\/\/svenskanu.fi\/laromaterial\/nordiskalandskap\/7-finland-2\/","title":{"rendered":"7. Finland"},"content":{"rendered":"<div class=\"l-submain wpb_row\"><div class=\"l-submain-h g-html i-cf\"><section class=\"wpb-content-wrapper\">[vc_row][vc_column width=&#8221;1\/1&#8243;]\n<div id=\"interactive-banner-1-wrap-2840\" class=\"ult-banner-block ult-adjust-bottom-margin ult-bb-none  banner-style01 \"   style=\"\">\n\t<img src=\"https:\/\/svenskanu.fi\/laromaterial\/nordiskalandskap\/wp-content\/uploads\/2015\/06\/Porkala-udd-Finland.jpg\" alt=\"null\">\n\t<div class=\"mask opaque-background\" style=\"background:rgba(36,36,36,0.01);\">\n\t\t<div  data-ultimate-target='#interactive-banner-1-wrap-2840 .bb-description'  data-responsive-json-new='{\"font-size\":\"\",\"line-height\":\"\"}'  class=\"bb-description ult-responsive\" style=\"font-weight:normal;color:#ffffff;\"><\/div>\n\t<\/div>\n<\/div>[vc_column_text]\n<!--[if lt IE 9]><script>document.createElement('audio');<\/script><![endif]-->\n<audio class=\"wp-audio-shortcode\" id=\"audio-4078-1\" preload=\"none\" style=\"width: 100%;\" controls=\"controls\"><source type=\"audio\/mpeg\" src=\"http:\/\/svenskanu.fi\/laromaterial\/nordiskalandskap\/wp-content\/uploads\/2015\/06\/Finland-Avancerad-KLAR.mp3?_=1\" \/><a href=\"http:\/\/svenskanu.fi\/laromaterial\/nordiskalandskap\/wp-content\/uploads\/2015\/06\/Finland-Avancerad-KLAR.mp3\">http:\/\/svenskanu.fi\/laromaterial\/nordiskalandskap\/wp-content\/uploads\/2015\/06\/Finland-Avancerad-KLAR.mp3<\/a><\/audio>\n[\/vc_column_text][\/vc_column][\/vc_row][vc_row][vc_column width=&#8221;1\/1&#8243;]<div class=\"ult-spacer spacer-69f32c1dd8e43\" data-id=\"69f32c1dd8e43\" data-height=\"20\" data-height-mobile=\"20\" data-height-tab=\"20\" data-height-tab-portrait=\"\" data-height-mobile-landscape=\"\" style=\"clear:both;display:block;\"><\/div>[\/vc_column][\/vc_row][vc_row][vc_column width=&#8221;1\/2&#8243;][vc_column_text]\n<h2>Porkala udd, Kyrksl\u00e4tt, Finland<\/h2>\n<p><strong>Fakta:<\/strong><\/p>\n<p>Porkala udd, en halv\u00f6 i Kyrksl\u00e4tt, \u00e4r bekant f\u00f6r att den ingick i Porkalaomr\u00e5det som enligt vapenstillest\u00e5ndsf\u00f6rdraget 1944 efter finska forts\u00e4ttningskriget arrenderades till Sovjetunionen. Omr\u00e5det var strategiskt f\u00f6r Sovjetunionen d\u00e5 de vid Finska vikens smalaste st\u00e4lle kunde kontrollera all trafik till Sankt Petersburg.<br \/>\n(Porkala \u2013 Wikipedia: <a href=\"http:\/\/sv.wikipedia.org\/wiki\/Porkala\" target=\"_blank\" rel=\"noopener\">http:\/\/sv.wikipedia.org\/wiki\/Porkala<\/a>)<\/p>\n<p>Porkala udd \u00e4r v\u00e4ldigt popul\u00e4r bland fiskare och f\u00e5gelsk\u00e5dare, men det finns planer p\u00e5 att grunda en nationalpark i Porkala. Det h\u00e4r \u00e4r en k\u00e4nslig fr\u00e5ga f\u00f6r m\u00e5nga och kommuninv\u00e5narna \u00e4r delade.\u00a0 Allemansr\u00e4tten garanterar fri r\u00f6rlighet f\u00f6r alla och f\u00f6respr\u00e5karna anser att nationalparken skulle ge effektiva verktyg f\u00f6r att styra bes\u00f6kartrafiken. Motst\u00e5ndarna igen \u00e4r arga eftersom nationalparken skulle inneb\u00e4ra vissa begr\u00e4nsningar f\u00f6r jakt och fiske. L\u00e4s mer p\u00e5 svenska.yle.fi: <a href=\"http:\/\/svenska.yle.fi\/artikel\/2015\/03\/24\/pekka-poutanen-bara-nationalpark-raddar-porkala\" target=\"_blank\" rel=\"noopener\">Bara nationalpark r\u00e4ddar Porkala<\/a>.<\/p>\n<p><strong>Bakom bilden:\u00a0<\/strong><\/p>\n<p>&#8220;Jag har gjort otaliga fotoutflykter till Porkala med mina v\u00e4nner. I januari 2014 hade vi tur med v\u00e4dret och ljuset! Vintertiden \u00e4r kontrasternas tid. Is och sn\u00f6 skapar ett monotont landskap samtidigt som himlen kan bjuda p\u00e5 en fantastisk f\u00e4rgshow.<\/p>\n<p>Jag f\u00f6rs\u00f6ker alltid ta landskapsbilder som ger ett tredimensionellt intryck och ultravidvinkelobjektivet passar bra f\u00f6r min stil.\u00a0 Med vidvinkelobjektivet har jag h\u00e4r skapat en dragning in i bilden. Jag tycker att man i bilden kan hitta ett intressant linjespel, d\u00e4r b\u00e5de himlen och f\u00f6rgrunden str\u00e4cker sig ut mot \u00f6n i horisonten.\u00a0 De runda formerna vid strandkanten och upprepningarna \u00e4r fina, tycker jag. Det \u00e4r viktigt f\u00f6r mig att f\u00e5 djup i mina landskapsbilder och att leda betraktarens \u00f6ga in i bilden.&#8221;[\/vc_column_text][\/vc_column][vc_column width=&#8221;1\/2&#8243;][vc_tta_accordion][vc_tta_section title=&#8221;Flervalsfr\u00e5gor&#8221; tab_id=&#8221;1697455124178-29efce6b-14d5&#8243;][vc_wp_text]\n<div data-tf-live=\"01HCW3BVNX26XZCY9SYTAJJK4C\"><\/div>\n<p><script src=\"\/\/embed.typeform.com\/next\/embed.js\"><\/script>[\/vc_wp_text][\/vc_tta_section][vc_tta_section title=&#8221;\u00d6ppna fr\u00e5gor&#8221; tab_id=&#8221;1697455124211-639999c0-6c37&#8243;][vc_column_text]\n<div class=\"w-tabs-section-content\">\n<div class=\"w-tabs-section-content-h\">\n<div class=\"wpb_text_column \">\n<div class=\"wpb_wrapper\">\n<p><strong>Besvara fr\u00e5gorna p\u00e5 svenska.<\/strong><\/p>\n<p>1. Planerna p\u00e5 att g\u00f6ra Porkala udd till en nationalpark har v\u00e4ckt mycket k\u00e4nslor. L\u00e4s mer i <a href=\"http:\/\/svenska.yle.fi\/artikel\/2015\/03\/24\/pekka-poutanen-bara-nationalpark-raddar-porkala\" target=\"_blank\" rel=\"noopener\">Yles artikel<\/a>. Vad s\u00e4ger de olika parterna? Vad \u00e4r din \u00e5sikt om saken?<\/p>\n<p>2. Hur syns det p\u00e5 bilden att \u201cvintertiden \u00e4r kontrasternas tid\u201d?<\/p>\n<\/div>\n<\/div>\n<\/div>\n<\/div>\n[\/vc_column_text][\/vc_tta_section][vc_tta_section title=&#8221;\u00d6va upp ditt ordf\u00f6rr\u00e5d&#8221; tab_id=&#8221;1697455191129-89786fef-726b&#8221;][vc_column_text]<strong>a) <a href=\"https:\/\/quizlet.com\/86102414\/flashcards\" target=\"_blank\" rel=\"noopener\">\u00d6va upp ditt ordf\u00f6rr\u00e5d med flashcards<\/a><br \/>\n<\/strong><strong>b) S\u00f6k nya ord i texten<\/strong>. S\u00f6k i texten alla ord som \u00e4r nya f\u00f6r dig. Vet du vad de betyder?[\/vc_column_text][\/vc_tta_section][vc_tta_section title=&#8221;Diskutera&#8221; tab_id=&#8221;1697455247923-09a223e6-a5b2&#8243;][vc_column_text]\n<div class=\"w-tabs-section-content\">\n<div class=\"w-tabs-section-content-h\">\n<div class=\"wpb_text_column \">\n<div class=\"wpb_wrapper\">\n<p><strong>a) Diskutera med hj\u00e4lp av f\u00f6ljande fr\u00e5gor.<\/strong><\/p>\n<ol>\n<li>Varje \u00e5rstid \u00e4r vacker p\u00e5 sitt eget s\u00e4tt. Vilken \u00e4r din favorit\u00e5rstid och varf\u00f6r?<\/li>\n<li>Hur mycket tid brukar du tillbringa ute i naturen?<\/li>\n<li>Vilka \u00e4r dina favoritst\u00e4llen i naturen?<\/li>\n<li>Vad brukar du g\u00f6ra i naturen?<\/li>\n<li>Vilka aktiviteter intresserar dig i naturen?<br \/>\nHar du provat p\u00e5 n\u00e5got av de h\u00e4r?<\/li>\n<\/ol>\n<\/div>\n<\/div>\n<\/div>\n<\/div>\n<table>\n<tbody>\n<tr>\n<td>b\u00e5tliv<\/td>\n<td>f\u00e5gelsk\u00e5dning<\/td>\n<\/tr>\n<tr>\n<td>kl\u00e4ttring<\/td>\n<td>orientering<\/td>\n<\/tr>\n<tr>\n<td>skid\u00e5kning<\/td>\n<td>ridning<\/td>\n<\/tr>\n<tr>\n<td>segling<\/td>\n<td>fotografering<\/td>\n<\/tr>\n<tr>\n<td>jakt<\/td>\n<td>paddling<\/td>\n<\/tr>\n<tr>\n<td>vandring<\/td>\n<td>sn\u00f6skog\u00e5ng<\/td>\n<\/tr>\n<tr>\n<td>fiske<\/td>\n<td>geocaching<\/td>\n<\/tr>\n<tr>\n<td>l\u00e5ngf\u00e4rdsskridsko<\/td>\n<td><\/td>\n<\/tr>\n<tr>\n<td>b\u00e4r- och svampplockning<\/td>\n<td><\/td>\n<\/tr>\n<\/tbody>\n<\/table>\n<p><strong>b) L\u00e4s texten &#8220;bakom bilden&#8221; och diskutera bilden med hj\u00e4lp av f\u00f6ljande fr\u00e5gor.<\/strong><\/p>\n<div class=\"w-tabs-section-content\">\n<div class=\"w-tabs-section-content-h\">\n<div class=\"wpb_text_column \">\n<div class=\"wpb_wrapper\">\n<ol>\n<li>Beskriv st\u00e4mningen i bilden.<\/li>\n<li>Det g\u00e4ller att vara n\u00e4rvarande med alla sinnen, hitta den r\u00e4tta kompositionen och utnyttja ljuset n\u00e4r man fotograferar landskap. Vilket ljus \u00e4r det b\u00e4sta f\u00f6r landskapsfotografering?<\/li>\n<li>En landskapsbild kan f\u00e5 mer karakt\u00e4r av en molnbestr\u00f6dd himmel. Hur har man anv\u00e4nt molnen i denna bild?<\/li>\n<li>P\u00e5 vilket s\u00e4tt har man uppn\u00e5tt en tredimensionell k\u00e4nsla i bilden?<\/li>\n<li>Beskriv ljus, f\u00e4rger och former i bilden.<\/li>\n<li>Beskriv linjer (horisontaler, vertikaler, diagonaler).<\/li>\n<li>Vad tycker du om bilden? Vad fastnade du f\u00f6r?<\/li>\n<\/ol>\n<\/div>\n<\/div>\n<\/div>\n<\/div>\n[\/vc_column_text][\/vc_tta_section][vc_tta_section title=&#8221;Annat&#8221; tab_id=&#8221;1697455307944-d13e53a7-3882&#8243;][vc_column_text]<strong>a) Instagram: <\/strong>Ta en egen landskapsbild.<br \/>\nF\u00f6rs\u00f6k hitta intressanta kontraster. Fundera p\u00e5 st\u00e4mningen, kompositionen, ljus, f\u00e4rger. L\u00e4gg upp bilden p\u00e5 Instagram med #nordiskalandskap @svenskanu<\/p>\n<p><strong>b) Ta reda p\u00e5. <\/strong>Artikeln om planerna att grunda en nationalpark i Porkala har publicerats i mars 2015. Ta reda p\u00e5 vad l\u00e4get med fr\u00e5gan \u00e4r nu<strong>.<\/strong>[\/vc_column_text][\/vc_tta_section][\/vc_tta_accordion][\/vc_column][\/vc_row][vc_row][vc_column width=&#8221;1\/1&#8243;][\/vc_column][\/vc_row]\n<\/section><\/div><\/div>","protected":false},"excerpt":{"rendered":"<p>[vc_row][vc_column width=&#8221;1\/1&#8243;][vc_column_text] [\/vc_column_text][\/vc_column][\/vc_row][vc_row][vc_column width=&#8221;1\/1&#8243;][\/vc_column][\/vc_row][vc_row][vc_column width=&#8221;1\/2&#8243;][vc_column_text] Porkala udd, Kyrksl\u00e4tt, Finland Fakta: Porkala udd, en halv\u00f6 i Kyrksl\u00e4tt, \u00e4r bekant f\u00f6r att den ingick i Porkalaomr\u00e5det som enligt vapenstillest\u00e5ndsf\u00f6rdraget 1944 efter finska forts\u00e4ttningskriget arrenderades till Sovjetunionen. Omr\u00e5det var strategiskt f\u00f6r Sovjetunionen d\u00e5&#8230;<\/p>\n","protected":false},"author":2,"featured_media":0,"parent":0,"menu_order":14,"comment_status":"open","ping_status":"closed","template":"","meta":{"footnotes":""},"acf":[],"_links":{"self":[{"href":"https:\/\/svenskanu.fi\/laromaterial\/nordiskalandskap\/wp-json\/wp\/v2\/pages\/4078"}],"collection":[{"href":"https:\/\/svenskanu.fi\/laromaterial\/nordiskalandskap\/wp-json\/wp\/v2\/pages"}],"about":[{"href":"https:\/\/svenskanu.fi\/laromaterial\/nordiskalandskap\/wp-json\/wp\/v2\/types\/page"}],"author":[{"embeddable":true,"href":"https:\/\/svenskanu.fi\/laromaterial\/nordiskalandskap\/wp-json\/wp\/v2\/users\/2"}],"replies":[{"embeddable":true,"href":"https:\/\/svenskanu.fi\/laromaterial\/nordiskalandskap\/wp-json\/wp\/v2\/comments?post=4078"}],"version-history":[{"count":19,"href":"https:\/\/svenskanu.fi\/laromaterial\/nordiskalandskap\/wp-json\/wp\/v2\/pages\/4078\/revisions"}],"predecessor-version":[{"id":4505,"href":"https:\/\/svenskanu.fi\/laromaterial\/nordiskalandskap\/wp-json\/wp\/v2\/pages\/4078\/revisions\/4505"}],"wp:attachment":[{"href":"https:\/\/svenskanu.fi\/laromaterial\/nordiskalandskap\/wp-json\/wp\/v2\/media?parent=4078"}],"curies":[{"name":"wp","href":"https:\/\/api.w.org\/{rel}","templated":true}]}}