{"id":4101,"date":"2015-06-23T16:58:12","date_gmt":"2015-06-23T13:58:12","guid":{"rendered":"http:\/\/svenskanu.fi\/laromaterial\/nordiskalandskap\/?page_id=4101"},"modified":"2023-10-16T14:24:00","modified_gmt":"2023-10-16T11:24:00","slug":"4-island","status":"publish","type":"page","link":"https:\/\/svenskanu.fi\/laromaterial\/nordiskalandskap\/4-island\/","title":{"rendered":"4. Island"},"content":{"rendered":"<div class=\"l-submain wpb_row\"><div class=\"l-submain-h g-html i-cf\"><section class=\"wpb-content-wrapper\">[vc_row][vc_column width=&#8221;1\/1&#8243;]\n<div id=\"interactive-banner-1-wrap-4070\" class=\"ult-banner-block ult-adjust-bottom-margin ult-bb-none  banner-style01 \"   style=\"\">\n\t<img src=\"https:\/\/svenskanu.fi\/laromaterial\/nordiskalandskap\/wp-content\/uploads\/2015\/06\/J\u00f6kus\u00e1rl\u00f3n-Island.jpg\" alt=\"null\">\n\t<div class=\"mask opaque-background\" style=\"background:rgba(36,36,36,0.01);\">\n\t\t<div  data-ultimate-target='#interactive-banner-1-wrap-4070 .bb-description'  data-responsive-json-new='{\"font-size\":\"\",\"line-height\":\"\"}'  class=\"bb-description ult-responsive\" style=\"font-weight:normal;color:#ffffff;\"><\/div>\n\t<\/div>\n<\/div>[vc_column_text]\n<!--[if lt IE 9]><script>document.createElement('audio');<\/script><![endif]-->\n<audio class=\"wp-audio-shortcode\" id=\"audio-4101-1\" preload=\"none\" style=\"width: 100%;\" controls=\"controls\"><source type=\"audio\/mpeg\" src=\"http:\/\/svenskanu.fi\/laromaterial\/nordiskalandskap\/wp-content\/uploads\/2015\/06\/Island-L\u00e4ttl\u00e4st-KLAR.mp3?_=1\" \/><a href=\"http:\/\/svenskanu.fi\/laromaterial\/nordiskalandskap\/wp-content\/uploads\/2015\/06\/Island-L\u00e4ttl\u00e4st-KLAR.mp3\">http:\/\/svenskanu.fi\/laromaterial\/nordiskalandskap\/wp-content\/uploads\/2015\/06\/Island-L\u00e4ttl\u00e4st-KLAR.mp3<\/a><\/audio>\n[\/vc_column_text][\/vc_column][\/vc_row][vc_row][vc_column width=&#8221;1\/1&#8243;][vc_column_text][\/vc_column_text][\/vc_column][\/vc_row][vc_row][vc_column width=&#8221;1\/2&#8243;][vc_column_text][\/vc_column_text][vc_column_text]\n<h2>J\u00f6kuls\u00e1rl\u00f3n, Island<\/h2>\n<p>Svart sand och vita isblock, b\u00f6ljande v\u00e5gor och svepande moln.<br \/>\nDen h\u00e4r bilden tog Kirsi h\u00f6sten 2014.<\/p>\n<p>&#8220;Jag fotograferade samma strand under tre morgnar.<br \/>\nDen sista morgonen var den b\u00e4sta.<br \/>\nDagen innan hade det regnat och bl\u00e5st rej\u00e4lt.<br \/>\nStranden s\u00e5g helt annorlunda ut \u00e4n tidigare.<\/p>\n<p>Alla sm\u00e5 isblock var bortsk\u00f6ljda av v\u00e5gorna.<br \/>\nI st\u00e4llet l\u00e5g det stora isklumpar \u00f6ver hela stranden<br \/>\noch sm\u00e5 isberg ute i vattnet.<br \/>\nV\u00e5gorna var stora och v\u00e5ldsamma.<br \/>\nDet mjuka men m\u00e4ktiga vattnet<br \/>\nbildar en sp\u00e4nnande kontrast mot isblocken.<br \/>\nDet \u00e4r v\u00e4ldigt dramatiskt<br \/>\noch ger en k\u00e4nsla av fara.<br \/>\nDet var magiskt vackert.<\/p>\n<p>Jag experimenterade mycket<br \/>\nmed olika slutartider och fick fina bilder.&#8221;[\/vc_column_text][\/vc_column][vc_column width=&#8221;1\/2&#8243;][vc_column_text][\/vc_column_text][vc_tta_accordion][vc_tta_section title=&#8221;Flervalsfr\u00e5gor&#8221; tab_id=&#8221;1697193183717-35f440e6-ea58&#8243;][vc_wp_text]\n<div data-tf-live=\"01HCMCBZPKSVY65RQX26CKBTCP\"><\/div>\n<p><script src=\"\/\/embed.typeform.com\/next\/embed.js\"><\/script>[\/vc_wp_text][\/vc_tta_section][vc_tta_section title=&#8221;\u00d6ppna fr\u00e5gor&#8221; tab_id=&#8221;1697193183738-4d05a4bb-cb6d&#8221;][vc_column_text]<strong>Besvara fr\u00e5gan p\u00e5 svenska.<\/strong><\/p>\n<p>Vad \u00e4r speciellt bra i bilden enligt Kirsi?[\/vc_column_text][\/vc_tta_section][vc_tta_section title=&#8221;\u00d6va upp ditt ordf\u00f6rr\u00e5d&#8221; tab_id=&#8221;1697196450378-d4ed5a79-8c66&#8243;][vc_column_text]<a href=\"https:\/\/quizlet.com\/86294336\/flashcards\" target=\"_blank\" rel=\"noopener\"><strong>a) \u00d6va<\/strong> upp ditt ordf\u00f6rr\u00e5d med flashcards.<\/a><\/p>\n<p>b) <strong>S\u00f6k i texten <\/strong>ord som handlar om vatten.[\/vc_column_text][\/vc_tta_section][vc_tta_section title=&#8221;Diskutera&#8221; tab_id=&#8221;1697196753422-15a8efab-e30f&#8221;][vc_column_text]<strong>V\u00e4lj a eller b:<\/strong><\/p>\n<p><strong>a) Diskutera med hj\u00e4lp av f\u00f6ljande fr\u00e5gor.<\/strong><\/p>\n<p><strong>Resor:<\/strong><\/p>\n<ol>\n<li>Island \u00e4r ett dr\u00f6mresem\u00e5l f\u00f6r natur\u00e4lskare.<br \/>\nHar du bes\u00f6kt Island?<br \/>\nSkulle du vilja resa till Island?<\/li>\n<li>Tycker du om att resa?<\/li>\n<li>Ber\u00e4tta om din senaste eller b\u00e4sta resa.<\/li>\n<li>Vad \u00e4r den mest sp\u00e4nnande upplevelsen du har haft p\u00e5 n\u00e5gon resa?<\/li>\n<li>Vart skulle du vilja resa? Varf\u00f6r?<\/li>\n<\/ol>\n<p><strong>Bond:<\/strong><\/p>\n<ol>\n<li>Tycker du om Bond-filmer?<\/li>\n<li>Om svaret \u00e4r ja, vilken Bond-film \u00e4r din favorit?<\/li>\n<li>Vem \u00e4r b\u00e4st p\u00e5 att spela Bond?<\/li>\n<li>Till vilket Bond-resm\u00e5l skulle du vilja resa?<\/li>\n<\/ol>\n<p><strong>b)<\/strong> <strong>Diskutera bilden med hj\u00e4lp av f\u00f6ljande fr\u00e5gor.<\/strong><\/p>\n<ol>\n<li>Beskriv st\u00e4mningen i bilden.<\/li>\n<li>Beskriv ljus, f\u00e4rger och former i bilden.<\/li>\n<li>Beskriv linjer (horisontaler, vertikaler, diagonaler).<\/li>\n<li>Vad tycker du om bilden? Vad fastnade du f\u00f6r<\/li>\n<li>Vad menas med en &#8220;dramatisk bild&#8221;? Vad g\u00f6r denna bild \u201cdramatisk\u201d?<\/li>\n<\/ol>\n[\/vc_column_text][\/vc_tta_section][vc_tta_section title=&#8221;Annat&#8221; tab_id=&#8221;1697196784652-48f04a35-fe5e&#8221;][vc_column_text]<strong>a) Instagram: <\/strong>Ta en egen landskapsbild.<br \/>\nF\u00f6rs\u00f6k hitta kontraster i bilden.<br \/>\nL\u00e4gg upp bilden p\u00e5 Instagram med #nordiskalandskap @svenskanu<\/p>\n<p><strong>b) Bakom bilden.<\/strong><br \/>\nSkriv en kort text om en bild som du har tagit.<br \/>\nBer\u00e4tta och beskriv t.ex.<br \/>\n&#8211; n\u00e4r och var du tog bilden<br \/>\n&#8211; vad det finns p\u00e5 bilden<br \/>\n&#8211; v\u00e4dret och milj\u00f6n<br \/>\n&#8211; st\u00e4mningen<br \/>\n&#8211; vad g\u00f6r bilden speciell<\/p>\n<p><strong>c) Para ihop.<\/strong> Har du k\u00e4nsla f\u00f6r is och sn\u00f6? <a href=\"https:\/\/learningapps.org\/watch?v=pssiirip323\" target=\"_blank\" rel=\"noopener\">Para ihop termer och f\u00f6rklaringar.<\/a>[\/vc_column_text][\/vc_tta_section][\/vc_tta_accordion][\/vc_column][\/vc_row][vc_row][vc_column width=&#8221;1\/1&#8243;][\/vc_column][\/vc_row]\n<\/section><\/div><\/div>","protected":false},"excerpt":{"rendered":"<p>[vc_row][vc_column width=&#8221;1\/1&#8243;][vc_column_text] [\/vc_column_text][\/vc_column][\/vc_row][vc_row][vc_column width=&#8221;1\/1&#8243;][vc_column_text][\/vc_column_text][\/vc_column][\/vc_row][vc_row][vc_column width=&#8221;1\/2&#8243;][vc_column_text][\/vc_column_text][vc_column_text] J\u00f6kuls\u00e1rl\u00f3n, Island Svart sand och vita isblock, b\u00f6ljande v\u00e5gor och svepande moln. Den h\u00e4r bilden tog Kirsi h\u00f6sten 2014. &#8220;Jag fotograferade samma strand under tre morgnar. Den sista morgonen var den b\u00e4sta. Dagen innan hade&#8230;<\/p>\n","protected":false},"author":2,"featured_media":0,"parent":0,"menu_order":4,"comment_status":"open","ping_status":"open","template":"","meta":{"footnotes":""},"acf":[],"_links":{"self":[{"href":"https:\/\/svenskanu.fi\/laromaterial\/nordiskalandskap\/wp-json\/wp\/v2\/pages\/4101"}],"collection":[{"href":"https:\/\/svenskanu.fi\/laromaterial\/nordiskalandskap\/wp-json\/wp\/v2\/pages"}],"about":[{"href":"https:\/\/svenskanu.fi\/laromaterial\/nordiskalandskap\/wp-json\/wp\/v2\/types\/page"}],"author":[{"embeddable":true,"href":"https:\/\/svenskanu.fi\/laromaterial\/nordiskalandskap\/wp-json\/wp\/v2\/users\/2"}],"replies":[{"embeddable":true,"href":"https:\/\/svenskanu.fi\/laromaterial\/nordiskalandskap\/wp-json\/wp\/v2\/comments?post=4101"}],"version-history":[{"count":19,"href":"https:\/\/svenskanu.fi\/laromaterial\/nordiskalandskap\/wp-json\/wp\/v2\/pages\/4101\/revisions"}],"predecessor-version":[{"id":4509,"href":"https:\/\/svenskanu.fi\/laromaterial\/nordiskalandskap\/wp-json\/wp\/v2\/pages\/4101\/revisions\/4509"}],"wp:attachment":[{"href":"https:\/\/svenskanu.fi\/laromaterial\/nordiskalandskap\/wp-json\/wp\/v2\/media?parent=4101"}],"curies":[{"name":"wp","href":"https:\/\/api.w.org\/{rel}","templated":true}]}}