{"id":492,"date":"2019-12-01T15:46:23","date_gmt":"2019-12-01T13:46:23","guid":{"rendered":"https:\/\/svenskanu.fi\/laromaterial\/vetamix\/?post_type=portfolio_page&#038;p=492"},"modified":"2025-11-20T13:58:09","modified_gmt":"2025-11-20T11:58:09","slug":"exempel-3","status":"publish","type":"portfolio_page","link":"https:\/\/svenskanu.fi\/laromaterial\/vetamix\/index.php\/portfolio_page\/exempel-3\/","title":{"rendered":"Zacharias Topelius 14.1"},"content":{"rendered":"<section class=\"wpb-content-wrapper\">[vc_row css_animation=&#8221;&#8221; row_type=&#8221;row&#8221; use_row_as_full_screen_section=&#8221;no&#8221; type=&#8221;full_width&#8221; angled_section=&#8221;no&#8221; text_align=&#8221;left&#8221; background_image_as_pattern=&#8221;without_pattern&#8221;][vc_column][vc_empty_space][\/vc_column][\/vc_row][vc_row css_animation=&#8221;&#8221; row_type=&#8221;row&#8221; use_row_as_full_screen_section=&#8221;no&#8221; type=&#8221;grid&#8221; angled_section=&#8221;no&#8221; text_align=&#8221;left&#8221; background_image_as_pattern=&#8221;without_pattern&#8221; css=&#8221;.vc_custom_1547453471045{padding-top: 40px !important;padding-bottom: 40px !important;}&#8221; z_index=&#8221;&#8221;][vc_column width=&#8221;1\/2&#8243; css=&#8221;.vc_custom_1548239271735{padding-right: 40px !important;}&#8221;][vc_column_text]\n<h3>Zacharias Topelius<\/h3>\n<p>&nbsp;<\/p>\n<p>Den 14 januari 1818 f\u00f6ds ett <span class=\"tooltips \" style=\"\" title=\"kaivattu\"><span style=\"color: #008000;\">efterl\u00e4ngtat<\/span><\/span>\u00a0barn till familjen Topelius i Nykarleby. Sonen f\u00e5r namnet Zacharias. G\u00e5rdens tr\u00e4dg\u00e5rdsm\u00e4stare l\u00e4ser i stj\u00e4rnorna att <span class=\"tooltips \" style=\"\" title=\"poika\"><span style=\"color: #008000;\">gossen <\/span><\/span>kommer att bli en k\u00e4nd man.<\/p>\n<p>&nbsp;<\/p>\n<p>F\u00f6r\u00e4ldrarna <span class=\"tooltips \" style=\"\" title=\"kannustaa\"><span style=\"color: #008000;\">uppmuntrar<\/span><\/span> Zacharias till arbete, skolg\u00e5ng och lek. Redan som barn <span class=\"tooltips \" style=\"\" title=\"viihdytt\u00e4\u00e4\"><span style=\"color: #008000;\">underh\u00e5ller<\/span><\/span> han v\u00e4nner och sl\u00e4ktingar med historier.<\/p>\n<p>&nbsp;<\/p>\n<p>Som 11-\u00e5ring skickas Topelius till trivialskolan i Ule\u00e5borg. D\u00e4r l\u00e4r han sig finska.<\/p>\n<p>&nbsp;<\/p>\n<p>Som 14-\u00e5ring flyttar han till Helsingfors och d\u00e4r <span class=\"tooltips \" style=\"\" title=\"valmistautua\"><span style=\"color: #008000;\">f\u00f6rbereder<\/span><\/span> han sig f\u00f6r <span class=\"tooltips \" style=\"\" title=\"ylioppilaskirjoitukset\"><span style=\"color: #008000;\">studentexamen<\/span><\/span>\u00a0som J.L. Runebergs privatelev. I Helsingfors g\u00e5r han ocks\u00e5 p\u00e5 teater. Han <span class=\"tooltips \" style=\"\" title=\"miekkailla\"><span style=\"color: #008000;\">f\u00e4ktas<\/span><\/span> och dansar. Redan som 15 \u00e5ring blir han <span class=\"tooltips \" style=\"\" title=\"ylioppilas\"><span style=\"color: #008000;\">student<\/span><\/span>, men med ett svagt betyg. P\u00e5 h\u00f6sten <span class=\"tooltips \" style=\"\" title=\"aloittaa opinnot\"><span style=\"color: #008000;\">inleder han sina studier<\/span><\/span> vid universitetet. Studietiden inspirerar Topelius och <span class=\"tooltips \" style=\"\" title=\"is\u00e4nmaalliset ajatukset\"><span style=\"color: #008000;\">fosterl\u00e4ndska tankar<\/span><\/span> v\u00e4cks hos honom.<\/p>\n<p>&nbsp;<\/p>\n<p>Han sjunger i \u00d6sterbottniska avdelningens s\u00e5ngs\u00e4llskap och \u00e4r medlem i <span class=\"tooltips \" style=\"\" title=\"sanomalehden toimitus\"><span style=\"color: #008000;\">tidningsredaktionen<\/span><\/span>. P\u00e5 jul- och sommarloven \u00e5terv\u00e4nder han till sitt k\u00e4ra barndomshem Kuddn\u00e4s i Nykarleby.<\/p>\n<p>&nbsp;<\/p>\n<p>\u00c5r 1838 publicerar Helsingfors Morgonblad Topelius f\u00f6rsta dikt\u00a0<em>Den stolta Rosen.\u00a0<\/em><\/p>\n<p>&nbsp;<\/p>\n<p>\u00c5r 1845 gifter han sig med Emilie Lindqvist. Emilie \u00e4r intresserad av konst och litteratur och <span class=\"tooltips \" style=\"\" title=\"oikolukea\"><span style=\"color: #008000;\">korrekturl\u00e4ser<\/span><\/span> ofta Topelius verk. Paret f\u00e5r \u00e5tta barn. Barnen Mikael, Rafael och Rosa d\u00f6r som sm\u00e5 och tv\u00e5 barn f\u00f6ds d\u00f6da. <span class=\"tooltips \" style=\"\" title=\"menetys\"><span style=\"color: #008000;\">F\u00f6rlusten<\/span><\/span> av fem barn kan h\u00f6ras i Topelius texter. Ett \u00e5r efter sin son Rafaels d\u00f6d skriver Topelius dikten <em>Sparven om julmorgonen.<\/em> Dikten <span class=\"tooltips \" style=\"\" title=\"s\u00e4velt\u00e4\u00e4\"><span style=\"color: #008000;\">tonsattes<\/span><\/span> senare till en av v\u00e5ra vackraste juls\u00e5nger.<\/p>\n<p>&nbsp;<\/p>\n<p>D\u00f6ttrarna Aina, Toini och Eva v\u00e4xer upp och intresserar sig f\u00f6r olika konstformer.<\/p>\n<p>&nbsp;<\/p>\n<p>Topelius skriver m\u00e5nga verk med historiska <span class=\"tooltips \" style=\"\" title=\"aihe\"><span style=\"color: #008000;\">motiv<\/span><\/span>. Hans mest l\u00e4sta prosaverk blir <em>F\u00e4ltsk\u00e4rns ber\u00e4ttelser.<\/em>\u00a0 Topelius debuterar som barnboksf\u00f6rfattare med <em>Sagor<\/em> \u00e5r 1847. Han ogillar str\u00e4ng <span class=\"tooltips \" style=\"\" title=\"lasten kasvatus\"><span style=\"color: #008000;\">barnuppfostran<\/span><\/span> och vill <span class=\"tooltips \" style=\"\" title=\"sopeuttaa, mukauttaa\"><span style=\"color: #008000;\">anpassa<\/span><\/span> ber\u00e4ttelserna till barnens niv\u00e5. I femtio \u00e5r skriver han sagor, bland annat <em>Bj\u00f6rken och Stj\u00e4rnan\u00a0<\/em>och\u00a0<em>Adalminas p\u00e4rla.\u00a0<\/em><\/p>\n<p>&nbsp;<\/p>\n<p>\u00c5r 1856 ger Topelius ut\u00a0<em>Naturens bok,\u00a0<\/em>en presentation av <span class=\"tooltips \" style=\"\" title=\"luonnon monimuotoisuus\"><span style=\"color: #008000;\">naturens m\u00e5ngfald<\/span><\/span>. Hans l\u00e4robok <em>Boken om v\u00e5rt land\u00a0<\/em>(1875) anv\u00e4nds i skolor i n\u00e4stan hundra \u00e5r. Han vill att finsk- och svenskspr\u00e5kiga tillsammans ska bygga upp ett <span class=\"tooltips \" style=\"\" title=\"oikeudenmukainen\"><span style=\"color: #008000;\">r\u00e4ttvist<\/span><\/span> och <span class=\"tooltips \" style=\"\" title=\"tasa-arvoinen\"><span style=\"color: #008000;\">j\u00e4mlikt<\/span><\/span> Finland.<\/p>\n<p>&nbsp;<\/p>\n<p>\u00c5r 1880 grundar Topelius Majf\u00f6reningen som anses vara v\u00e4rldens f\u00f6rsta <span class=\"tooltips \" style=\"\" title=\"el\u00e4insuojeluyhdistys\"><span style=\"color: #008000;\">djurskyddsf\u00f6rening<\/span><\/span>. Sina sista \u00e5r lever Topelius som <span class=\"tooltips \" style=\"\" title=\"kunnioitettu\"><span style=\"color: #008000;\">hyllad<\/span><\/span> sagofarbror p\u00e5 Bj\u00f6rkudden i Sibbo. Hans 80-\u00e5rsdag firas med stora <span class=\"tooltips \" style=\"\" title=\"juhlallisuus\"><span style=\"color: #008000;\">festligheter<\/span><\/span> i januari \u00e5r 1898. Tv\u00e5 m\u00e5nader senare sover Topelius bort hemma p\u00e5 Bj\u00f6rkudden i Sibbo. Hans sista <span class=\"tooltips \" style=\"\" title=\"lausunto\"><span style=\"color: #008000;\">yttrande<\/span><\/span> till barnbarnen vid hans d\u00f6d l\u00f6d: &#8221;Framf\u00f6r min h\u00e4lsning till det tjugonde <span class=\"tooltips \" style=\"\" title=\"vuosisata\"><span style=\"color: #008000;\">seklets<\/span><\/span> ungdom!&#8221;.<\/p>\n<p>&nbsp;<\/p>\n<p>Zacharias Topelius \u00e4r en av nationen Finlands arkitekter. Hans texter formade bilden av v\u00e5rt lands historia, natur och geografi. Topelius <span class=\"tooltips \" style=\"\" title=\"lapsenmielisyys\"><span style=\"color: #008000;\">barnasinne<\/span><\/span>, humor och <span class=\"tooltips \" style=\"\" title=\"uteliaisuus\"><span style=\"color: #008000;\">nyfikenhet<\/span><\/span>\u00a0p\u00e5 v\u00e4rlden gjorde honom till en av v\u00e5ra mest \u00e4lskade f\u00f6rfattare.[\/vc_column_text][\/vc_column][vc_column width=&#8221;1\/2&#8243;][vc_single_image image=&#8221;542&#8243; img_size=&#8221;medium&#8221; onclick=&#8221;custom_link&#8221; qode_css_animation=&#8221;&#8221;][vc_empty_space]<a  itemprop=\"url\" href=\"https:\/\/areena.yle.fi\/1-4332957\" target=\"_self\"  class=\"qbutton  default\" style=\"\">Spela videon<i class=\"qode_icon_font_awesome fa fa-play qode_button_icon_element\" style=\"\" ><\/i><\/a>[vc_empty_space]<div class=\"qode-accordion-holder clearfix qode-toggle qode-initial \">\n\t<h4 class=\"clearfix qode-title-holder\">\n<span class=\"qode-tab-title\">\n\t    <span class=\"qode-tab-title-inner\">\n        Fr\u00e5gor p\u00e5 svenska    <\/span>\n<\/span>\n<span class=\"qode-accordion-mark\">\n    <span class=\"qode-accordion-mark-icon\">\n        <span class=\"icon_plus\"><\/span>\n        <span class=\"icon_minus-06\"><\/span>\n    <\/span>\n<\/span>\n<\/h4>\n<div  class=\"qode-accordion-content \" >\n    <div class=\"qode-accordion-content-inner\">\n        [vc_column_text]\n<div style=\"width: 100%; height: 400px; color: #ffffff;\" data-tf-widget=\"VmsuoBEE\" data-tf-hide-headers=\"\" data-tf-hide-footer=\"\"><\/div>\n<p><script src=\"\/\/embed.typeform.com\/next\/embed.js\"><\/script>[\/vc_column_text]    <\/div>\n<\/div><h4 class=\"clearfix qode-title-holder\">\n<span class=\"qode-tab-title\">\n\t    <span class=\"qode-tab-title-inner\">\n        Fr\u00e5gor finska    <\/span>\n<\/span>\n<span class=\"qode-accordion-mark\">\n    <span class=\"qode-accordion-mark-icon\">\n        <span class=\"icon_plus\"><\/span>\n        <span class=\"icon_minus-06\"><\/span>\n    <\/span>\n<\/span>\n<\/h4>\n<div  class=\"qode-accordion-content \" >\n    <div class=\"qode-accordion-content-inner\">\n        [vc_column_text]\n<div style=\"width: 100%; height: 400px;\" data-tf-widget=\"NotYTaX8\"><\/div>\n<p><script src=\"\/\/embed.typeform.com\/next\/embed.js\"><\/script>[\/vc_column_text]    <\/div>\n<\/div><h4 class=\"clearfix qode-title-holder\">\n<span class=\"qode-tab-title\">\n\t    <span class=\"qode-tab-title-inner\">\n        Fr\u00e5gesport f\u00f6r hela klassen    <\/span>\n<\/span>\n<span class=\"qode-accordion-mark\">\n    <span class=\"qode-accordion-mark-icon\">\n        <span class=\"icon_plus\"><\/span>\n        <span class=\"icon_minus-06\"><\/span>\n    <\/span>\n<\/span>\n<\/h4>\n<div  class=\"qode-accordion-content \" >\n    <div class=\"qode-accordion-content-inner\">\n        [vc_column_text]Vem vet mest om Topelius? T\u00e4vla med hela klassen med <a href=\"https:\/\/quizizz.com\/admin\/quiz\/start_new\/5e18bac553e2da001bd71202\">Quizizz<\/a>!<\/p>\n[\/vc_column_text]    <\/div>\n<\/div><h4 class=\"clearfix qode-title-holder\">\n<span class=\"qode-tab-title\">\n\t    <span class=\"qode-tab-title-inner\">\n        Vetamix \u00f6vningar    <\/span>\n<\/span>\n<span class=\"qode-accordion-mark\">\n    <span class=\"qode-accordion-mark-icon\">\n        <span class=\"icon_plus\"><\/span>\n        <span class=\"icon_minus-06\"><\/span>\n    <\/span>\n<\/span>\n<\/h4>\n<div  class=\"qode-accordion-content \" >\n    <div class=\"qode-accordion-content-inner\">\n        [vc_column_text]Vad vet du om Topelius? <a href=\"https:\/\/svenska.yle.fi\/artikel\/2018\/01\/10\/han-blev-hela-finlands-sagofarbror-har-ar-historien-om-topelius\">L\u00e4s texten om Topelius p\u00e5 Vetamix hemsida<\/a> och testa sedan din kunskap med <a href=\"https:\/\/svenska.yle.fi\/artikel\/2019\/01\/13\/10-fragor-om-topelius-visste-du-det-har-om-hela-finlands-sagofarbror\">Vetamix quiz<\/a>! Hur m\u00e5nga fick du r\u00e4tt?<\/p>\n<p>&nbsp;<\/p>\n<p><a href=\"https:\/\/svenska.yle.fi\/artikel\/2018\/01\/10\/han-blev-hela-finlands-sagofarbror-har-ar-historien-om-topelius\">L\u00e4s texten om Zacharias Topelius<\/a> och samla in fem viktiga saker om Topelius i ditt h\u00e4fte med hela meningar.[\/vc_column_text]    <\/div>\n<\/div><h4 class=\"clearfix qode-title-holder\">\n<span class=\"qode-tab-title\">\n\t    <span class=\"qode-tab-title-inner\">\n        Annat    <\/span>\n<\/span>\n<span class=\"qode-accordion-mark\">\n    <span class=\"qode-accordion-mark-icon\">\n        <span class=\"icon_plus\"><\/span>\n        <span class=\"icon_minus-06\"><\/span>\n    <\/span>\n<\/span>\n<\/h4>\n<div  class=\"qode-accordion-content \" >\n    <div class=\"qode-accordion-content-inner\">\n        [vc_column_text]Topelius mest k\u00e4nda verk \u00e4r bland annat\u00a0<em>F\u00e4tsk\u00e4rns ber\u00e4ttelser\u00a0<\/em>och\u00a0<em>Adalminas p\u00e4rla.\u00a0<\/em>Vad annat har han skrivit? S\u00f6k p\u00e5 n\u00e4tet.<\/p>\n<p>&nbsp;<\/p>\n<p>L\u00e4s Topelius saga\u00a0<a href=\"http:\/\/www.nykarlebyvyer.nu\/sidor\/texter\/poesi\/zt\/hallonma.htm\"><em>Hallonmasken\u00a0<\/em><\/a>p\u00e5 svenska.<\/p>\n<p>&nbsp;<\/p>\n<p><a href=\"https:\/\/www.sls.fi\/sv\/utgivning\/dikter-i-urval\">L\u00e4s Topelius dikt <em>En sommarnatt i skogen <\/em>p\u00e5 SLS hemsida.<\/a> Hur m\u00e5nga djur n\u00e4mns i dikten?<\/p>\n<p>&nbsp;<\/p>\n<p><a href=\"https:\/\/arenan.yle.fi\/1-4287533\">Det var h\u00e4r det h\u00e4nde: Topelius och de osynliga barnen<\/a> (15min.)[\/vc_column_text]    <\/div>\n<\/div><\/div>[\/vc_column][\/vc_row][vc_row css_animation=&#8221;&#8221; row_type=&#8221;row&#8221; use_row_as_full_screen_section=&#8221;no&#8221; type=&#8221;full_width&#8221; angled_section=&#8221;no&#8221; text_align=&#8221;left&#8221; background_image_as_pattern=&#8221;without_pattern&#8221;][vc_column][\/vc_column][\/vc_row]\n<\/section>","protected":false},"excerpt":{"rendered":"<p>[vc_row css_animation=&#8221;&#8221; row_type=&#8221;row&#8221; use_row_as_full_screen_section=&#8221;no&#8221; type=&#8221;full_width&#8221; angled_section=&#8221;no&#8221; text_align=&#8221;left&#8221; background_image_as_pattern=&#8221;without_pattern&#8221;][vc_column][vc_empty_space][\/vc_column][\/vc_row][vc_row css_animation=&#8221;&#8221; row_type=&#8221;row&#8221; use_row_as_full_screen_section=&#8221;no&#8221; type=&#8221;grid&#8221; angled_section=&#8221;no&#8221; text_align=&#8221;left&#8221; background_image_as_pattern=&#8221;without_pattern&#8221; css=&#8221;.vc_custom_1547453471045{padding-top: 40px !important;padding-bottom: 40px !important;}&#8221; z_index=&#8221;&#8221;][vc_column width=&#8221;1\/2&#8243; css=&#8221;.vc_custom_1548239271735{padding-right: 40px !important;}&#8221;][vc_column_text] Zacharias Topelius &nbsp; Den 14 januari 1818 f\u00f6ds ett \u00a0barn till familjen Topelius i Nykarleby. Sonen f\u00e5r namnet Zacharias. G\u00e5rdens&#8230;<\/p>\n","protected":false},"author":1,"featured_media":542,"menu_order":0,"comment_status":"closed","ping_status":"closed","template":"","_links":{"self":[{"href":"https:\/\/svenskanu.fi\/laromaterial\/vetamix\/index.php\/wp-json\/wp\/v2\/portfolio_page\/492"}],"collection":[{"href":"https:\/\/svenskanu.fi\/laromaterial\/vetamix\/index.php\/wp-json\/wp\/v2\/portfolio_page"}],"about":[{"href":"https:\/\/svenskanu.fi\/laromaterial\/vetamix\/index.php\/wp-json\/wp\/v2\/types\/portfolio_page"}],"author":[{"embeddable":true,"href":"https:\/\/svenskanu.fi\/laromaterial\/vetamix\/index.php\/wp-json\/wp\/v2\/users\/1"}],"replies":[{"embeddable":true,"href":"https:\/\/svenskanu.fi\/laromaterial\/vetamix\/index.php\/wp-json\/wp\/v2\/comments?post=492"}],"wp:featuredmedia":[{"embeddable":true,"href":"https:\/\/svenskanu.fi\/laromaterial\/vetamix\/index.php\/wp-json\/wp\/v2\/media\/542"}],"wp:attachment":[{"href":"https:\/\/svenskanu.fi\/laromaterial\/vetamix\/index.php\/wp-json\/wp\/v2\/media?parent=492"}],"curies":[{"name":"wp","href":"https:\/\/api.w.org\/{rel}","templated":true}]}}