{"id":504,"date":"2019-12-05T11:09:20","date_gmt":"2019-12-05T09:09:20","guid":{"rendered":"https:\/\/svenskanu.fi\/laromaterial\/vetamix\/?post_type=portfolio_page&#038;p=504"},"modified":"2025-11-20T14:12:36","modified_gmt":"2025-11-20T12:12:36","slug":"vappen-valborg","status":"publish","type":"portfolio_page","link":"https:\/\/svenskanu.fi\/laromaterial\/vetamix\/index.php\/portfolio_page\/vappen-valborg\/","title":{"rendered":"Vappen \/ Valborg 1.5"},"content":{"rendered":"<section class=\"wpb-content-wrapper\">[vc_row css_animation=&#8221;&#8221; row_type=&#8221;row&#8221; use_row_as_full_screen_section=&#8221;no&#8221; type=&#8221;grid&#8221; angled_section=&#8221;no&#8221; text_align=&#8221;left&#8221; background_image_as_pattern=&#8221;without_pattern&#8221; css=&#8221;.vc_custom_1547454510371{padding-top: 20px !important;}&#8221; z_index=&#8221;&#8221;][vc_column][vc_empty_space][\/vc_column][\/vc_row][vc_row css_animation=&#8221;&#8221; row_type=&#8221;row&#8221; use_row_as_full_screen_section=&#8221;no&#8221; type=&#8221;grid&#8221; angled_section=&#8221;no&#8221; text_align=&#8221;left&#8221; background_image_as_pattern=&#8221;without_pattern&#8221; css=&#8221;.vc_custom_1547453471045{padding-top: 40px !important;padding-bottom: 40px !important;}&#8221; z_index=&#8221;&#8221;][vc_column width=&#8221;1\/2&#8243; css=&#8221;.vc_custom_1548239271735{padding-right: 40px !important;}&#8221;][vc_column_text]\n<h3>Varf\u00f6r firar vi valborg?<\/h3>\n<p>&nbsp;<\/p>\n<p>Valborg \u00e4r en glad karneval<span class=\"tooltips \" style=\"\" title=\"pyh\u00e4\"><span style=\"color: #008000;\">helg<\/span><\/span> d\u00e5 man firar v\u00e5rens <span class=\"tooltips \" style=\"\" title=\"saapuminen\"><span style=\"color: #008000;\">ankomst<\/span><\/span>. Den \u00e4r ocks\u00e5 <span class=\"tooltips \" style=\"\" title=\"ylioppilas\"><span style=\"color: #008000;\">studenternas<\/span><\/span>\u00a0och arbetarnas fest.<\/p>\n<p>&nbsp;<\/p>\n<p>Valborg var en abbedissa som levde p\u00e5 700-talet. Hon dog och <span class=\"tooltips \" style=\"\" title=\"julistaa pyhimykseksi\"><span style=\"color: #008000;\">blev <\/span><span style=\"color: #008000;\">helgonf\u00f6rklarad<\/span><\/span>\u00a0f\u00f6rsta maj.<\/p>\n<p>&nbsp;<\/p>\n<p>I <span class=\"tooltips \" style=\"\" title=\"keskiajan Eurooppa\"><span style=\"color: #008000;\">medeltida Europa<\/span><\/span> firades f\u00f6rsta maj speciellt p\u00e5 landet. F\u00f6rsta maj ans\u00e5gs vara sommarens f\u00f6rsta dag. Kring valborg sl\u00e4ppte man ut djuren efter vintern. Man <span class=\"tooltips \" style=\"\" title=\"sytytt\u00e4\u00e4 kokkoja\"><span style=\"color: #008000;\">t\u00e4nde eldar<\/span><\/span> f\u00f6r att skydda boskapen mot <span class=\"tooltips \" style=\"\" title=\"petoel\u00e4in\"><span style=\"color: #008000;\">rovdjur<\/span><\/span> och <span class=\"tooltips \" style=\"\" title=\"pahat henget\"><span style=\"color: #008000;\">onda andar<\/span><\/span>.<\/p>\n<p>&nbsp;<\/p>\n<p>P\u00e5 1800-talet blev f\u00f6rsta maj arbetarnas dag. I USA kallades dagen <em>moving day<\/em>. D\u00e5 f\u00f6rnyades arbetarnas <span class=\"tooltips \" style=\"\" title=\"(ty\u00f6)sopimus\"><span style=\"color: #008000;\">kontrakt<\/span><\/span> f\u00f6r \u00e5ret eller s\u00e5 bytte man jobb. Man jobbade l\u00e5nga dagar. <span class=\"tooltips \" style=\"\" title=\"ty\u00f6v\u00e4enliike\"><span style=\"color: #008000;\">Arbetarr\u00f6relsen<\/span><\/span> b\u00f6rjade kr\u00e4va \u00e5tta timmars arbetsdag f\u00f6r arbetarna. Men kampen f\u00f6r kortare arbetsdagar var sv\u00e5r. I maj 1886 ordnades en protest i Chicago. Polisen sk\u00f6t tv\u00e5 demonstranter, men arbetarna <span class=\"tooltips \" style=\"\" title=\"kielt\u00e4yty\u00e4\"><span style=\"color: #008000;\">v\u00e4grade<\/span><\/span> att ge upp. Protesten <span class=\"tooltips \" style=\"\" title=\"kehitty\u00e4 huonoon suuntaan, ylty\u00e4\"><span style=\"color: #008000;\">urartade<\/span><\/span> i <span class=\"tooltips \" style=\"\" title=\"veril\u00f6yly\"><span style=\"color: #008000;\">en massaker<\/span><\/span>\u00a0d\u00e4r m\u00e5nga poliser och demonstranter dog.\u00a0 D\u00e4rf\u00f6r firar arbetarr\u00f6relsen fortfarande f\u00f6rsta maj som arbetarnas dag.<\/p>\n<p>&nbsp;<\/p>\n<p>I Finland blev f\u00f6rsta maj en helgdag 1944. Det finl\u00e4ndska arbetets dag blev en <span class=\"tooltips \" style=\"\" title=\"liputusp\u00e4iv\u00e4\"><span style=\"color: #008000;\">flaggdag<\/span><\/span>\u00a01978.<\/p>\n<p>&nbsp;<\/p>\n<p>F\u00f6rsta maj firas med marscher, politiska tal, munkar, <span class=\"tooltips \" style=\"\" title=\"sima\"><span style=\"color: #008000;\">mj\u00f6d<\/span><\/span>, ballonger och serpentin.<\/p>\n<p>&nbsp;<\/p>\n<p>Glad valborg![\/vc_column_text][\/vc_column][vc_column width=&#8221;1\/2&#8243;][vc_single_image image=&#8221;528&#8243; img_size=&#8221;medium&#8221; qode_css_animation=&#8221;&#8221;][vc_empty_space]<a  itemprop=\"url\" href=\"https:\/\/areena.yle.fi\/1-3436252\" target=\"_self\"  class=\"qbutton  default\" style=\"\">Spela videon<i class=\"qode_icon_font_awesome fa fa-play qode_button_icon_element\" style=\"\" ><\/i><\/a>[vc_empty_space]<div class=\"qode-accordion-holder clearfix qode-toggle qode-initial \">\n\t<h4 class=\"clearfix qode-title-holder\">\n<span class=\"qode-tab-title\">\n\t    <span class=\"qode-tab-title-inner\">\n        Fr\u00e5gor p\u00e5 svenska    <\/span>\n<\/span>\n<span class=\"qode-accordion-mark\">\n    <span class=\"qode-accordion-mark-icon\">\n        <span class=\"icon_plus\"><\/span>\n        <span class=\"icon_minus-06\"><\/span>\n    <\/span>\n<\/span>\n<\/h4>\n<div  class=\"qode-accordion-content \" >\n    <div class=\"qode-accordion-content-inner\">\n        [vc_column_text][\/vc_column_text][vc_column_text]\n<div style=\"width: 100%; height: 400px;\" data-tf-widget=\"KUiaSObs\"><\/div>\n<p><script src=\"\/\/embed.typeform.com\/next\/embed.js\"><\/script>[\/vc_column_text]    <\/div>\n<\/div><h4 class=\"clearfix qode-title-holder\">\n<span class=\"qode-tab-title\">\n\t    <span class=\"qode-tab-title-inner\">\n        Fr\u00e5gor p\u00e5 finska    <\/span>\n<\/span>\n<span class=\"qode-accordion-mark\">\n    <span class=\"qode-accordion-mark-icon\">\n        <span class=\"icon_plus\"><\/span>\n        <span class=\"icon_minus-06\"><\/span>\n    <\/span>\n<\/span>\n<\/h4>\n<div  class=\"qode-accordion-content \" >\n    <div class=\"qode-accordion-content-inner\">\n        [vc_column_text]\n<div style=\"width: 100%; height: 400px;\" data-tf-widget=\"U2cz4OLZ\"><\/div>\n<p><script src=\"\/\/embed.typeform.com\/next\/embed.js\"><\/script>[\/vc_column_text]    <\/div>\n<\/div><h4 class=\"clearfix qode-title-holder\">\n<span class=\"qode-tab-title\">\n\t    <span class=\"qode-tab-title-inner\">\n        Fr\u00e5gesport f\u00f6r hela klassen    <\/span>\n<\/span>\n<span class=\"qode-accordion-mark\">\n    <span class=\"qode-accordion-mark-icon\">\n        <span class=\"icon_plus\"><\/span>\n        <span class=\"icon_minus-06\"><\/span>\n    <\/span>\n<\/span>\n<\/h4>\n<div  class=\"qode-accordion-content \" >\n    <div class=\"qode-accordion-content-inner\">\n        [vc_column_text]Vem vet mest om valborg? T\u00e4vla med hela klassen med <a href=\"https:\/\/quizizz.com\/admin\/quiz\/start_new\/5e19f15cf0dbdc001b6cf764\">Quizizz<\/a>!<\/p>\n<p>&nbsp;<\/p>\n<p>Tips! Du kan ocks\u00e5 g\u00f6ra fr\u00e5gesporten <a href=\"https:\/\/www.goconqr.com\/en-US\/quiz\/21369917\/Vappen---Valborg\">h\u00e4r<\/a> f\u00f6r dig sj\u00e4lv.<\/p>\n<p>&nbsp;<\/p>\n[\/vc_column_text]    <\/div>\n<\/div><h4 class=\"clearfix qode-title-holder\">\n<span class=\"qode-tab-title\">\n\t    <span class=\"qode-tab-title-inner\">\n        Vetamix \u00f6vningar    <\/span>\n<\/span>\n<span class=\"qode-accordion-mark\">\n    <span class=\"qode-accordion-mark-icon\">\n        <span class=\"icon_plus\"><\/span>\n        <span class=\"icon_minus-06\"><\/span>\n    <\/span>\n<\/span>\n<\/h4>\n<div  class=\"qode-accordion-content \" >\n    <div class=\"qode-accordion-content-inner\">\n        [vc_column_text]L\u00e4s texten om valborg p\u00e5 <a href=\"https:\/\/svenska.yle.fi\/artikel\/2016\/04\/21\/valborg-ar-varens-och-arbetets-fest\">Vetamix hemsida<\/a>. Vad f\u00e5r du veta om valborgstraditioner i Finland? Finn tv\u00e5 valborgstraditioner i texten och \u00f6vers\u00e4tt dem till finska.<\/p>\n<p>&nbsp;<\/p>\n<p>Hur s\u00e4ger man <em>Hyv\u00e4\u00e4 vappua\u00a0<\/em>p\u00e5 svenska? S\u00f6k p\u00e5 n\u00e4tet eller l\u00e4s i <a href=\"https:\/\/svenska.yle.fi\/artikel\/2016\/04\/21\/valborg-ar-varens-och-arbetets-fest\">Vetamix artikel om valborg<\/a>!<\/p>\n<p>&nbsp;<\/p>\n<p>Vad kan du om valborg? Testa din kunskap med <a href=\"https:\/\/svenska.yle.fi\/artikel\/2017\/04\/28\/10-fragor-om-valborg-visste-du-det-har-om-varens-och-arbetets-fest\">Vetamix quiz<\/a>![\/vc_column_text]    <\/div>\n<\/div><h4 class=\"clearfix qode-title-holder\">\n<span class=\"qode-tab-title\">\n\t    <span class=\"qode-tab-title-inner\">\n        Annat    <\/span>\n<\/span>\n<span class=\"qode-accordion-mark\">\n    <span class=\"qode-accordion-mark-icon\">\n        <span class=\"icon_plus\"><\/span>\n        <span class=\"icon_minus-06\"><\/span>\n    <\/span>\n<\/span>\n<\/h4>\n<div  class=\"qode-accordion-content \" >\n    <div class=\"qode-accordion-content-inner\">\n        [vc_column_text]L\u00e4s om hur man lagar <a href=\"https:\/\/svenska.yle.fi\/recept\/2010\/04\/26\/valborgsmjod\">mj\u00f6d<\/a> och <a href=\"https:\/\/svenska.yle.fi\/recept\/2011\/05\/15\/klassiska-munkar-med-apple-eller-blabar-och-kaffegradde\">munkar<\/a> p\u00e5 Yles hemsida. \u00d6vers\u00e4tt sedan ingredienslistorna till finska i ditt h\u00e4fte.<\/p>\n<p>&nbsp;<\/p>\n<p><a href=\"https:\/\/svenskanu.fi\/laromaterial\/wp-content\/uploads\/2021\/04\/valborsfiradandet.pdf\">Vad h\u00f6r till valborgsfirandet? F\u00e4rl\u00e4gg!<\/a><\/p>\n<p>&nbsp;<\/p>\n<p><a href=\"https:\/\/svenskanu.fi\/laromaterial\/wp-content\/uploads\/2021\/04\/f\u00f6rsta-maj-uppgift-1.pdf\">Vad h\u00f6r traditionellt till f\u00f6rsta maj? Skriv och f\u00e4rl\u00e4gg.<\/a><\/p>\n<p>&nbsp;<\/p>\n<p><a href=\"https:\/\/svenskanu.fi\/laromaterial\/wp-content\/uploads\/2021\/04\/F\u00e4rl\u00e4gg-ballongerna.pdf\">F\u00e4rl\u00e4gg ballongerna<\/a>[\/vc_column_text]    <\/div>\n<\/div><\/div>[\/vc_column][\/vc_row]\n<\/section>","protected":false},"excerpt":{"rendered":"<p>[vc_row css_animation=&#8221;&#8221; row_type=&#8221;row&#8221; use_row_as_full_screen_section=&#8221;no&#8221; type=&#8221;grid&#8221; angled_section=&#8221;no&#8221; text_align=&#8221;left&#8221; background_image_as_pattern=&#8221;without_pattern&#8221; css=&#8221;.vc_custom_1547454510371{padding-top: 20px !important;}&#8221; z_index=&#8221;&#8221;][vc_column][vc_empty_space][\/vc_column][\/vc_row][vc_row css_animation=&#8221;&#8221; row_type=&#8221;row&#8221; use_row_as_full_screen_section=&#8221;no&#8221; type=&#8221;grid&#8221; angled_section=&#8221;no&#8221; text_align=&#8221;left&#8221; background_image_as_pattern=&#8221;without_pattern&#8221; css=&#8221;.vc_custom_1547453471045{padding-top: 40px !important;padding-bottom: 40px !important;}&#8221; z_index=&#8221;&#8221;][vc_column width=&#8221;1\/2&#8243; css=&#8221;.vc_custom_1548239271735{padding-right: 40px !important;}&#8221;][vc_column_text] Varf\u00f6r firar vi valborg? &nbsp; Valborg \u00e4r en glad karneval d\u00e5 man firar v\u00e5rens . Den&#8230;<\/p>\n","protected":false},"author":2,"featured_media":528,"menu_order":0,"comment_status":"closed","ping_status":"closed","template":"","_links":{"self":[{"href":"https:\/\/svenskanu.fi\/laromaterial\/vetamix\/index.php\/wp-json\/wp\/v2\/portfolio_page\/504"}],"collection":[{"href":"https:\/\/svenskanu.fi\/laromaterial\/vetamix\/index.php\/wp-json\/wp\/v2\/portfolio_page"}],"about":[{"href":"https:\/\/svenskanu.fi\/laromaterial\/vetamix\/index.php\/wp-json\/wp\/v2\/types\/portfolio_page"}],"author":[{"embeddable":true,"href":"https:\/\/svenskanu.fi\/laromaterial\/vetamix\/index.php\/wp-json\/wp\/v2\/users\/2"}],"replies":[{"embeddable":true,"href":"https:\/\/svenskanu.fi\/laromaterial\/vetamix\/index.php\/wp-json\/wp\/v2\/comments?post=504"}],"wp:featuredmedia":[{"embeddable":true,"href":"https:\/\/svenskanu.fi\/laromaterial\/vetamix\/index.php\/wp-json\/wp\/v2\/media\/528"}],"wp:attachment":[{"href":"https:\/\/svenskanu.fi\/laromaterial\/vetamix\/index.php\/wp-json\/wp\/v2\/media?parent=504"}],"curies":[{"name":"wp","href":"https:\/\/api.w.org\/{rel}","templated":true}]}}